{"id":19872,"date":"2023-02-27T09:05:32","date_gmt":"2023-02-27T08:05:32","guid":{"rendered":"https:\/\/hydrotec.welovewebs.es\/humitats-a-casa\/humitat-per-capillaritat\/"},"modified":"2025-10-15T16:31:54","modified_gmt":"2025-10-15T14:31:54","slug":"humitat-per-capillaritat","status":"publish","type":"page","link":"https:\/\/hydrotec.es\/ca\/humitats-a-casa\/humitat-per-capillaritat\/","title":{"rendered":"Humitat per capil\u00b7laritat"},"content":{"rendered":"<p>[et_pb_section fb_built=&#8221;1&#8243; module_class=&#8221;section-sub-header&#8221; _builder_version=&#8221;4.19.5&#8243; _module_preset=&#8221;default&#8221; background_image=&#8221;https:\/\/hydrotec.es\/wp-content\/uploads\/2023\/02\/header-humedad-capilaridad-1.webp&#8221; global_colors_info=&#8221;{}&#8221;][et_pb_row _builder_version=&#8221;4.19.5&#8243; _module_preset=&#8221;default&#8221; global_colors_info=&#8221;{}&#8221;][et_pb_column type=&#8221;4_4&#8243; _builder_version=&#8221;4.19.5&#8243; _module_preset=&#8221;default&#8221; global_colors_info=&#8221;{}&#8221;][et_pb_text _builder_version=&#8221;4.19.5&#8243; _module_preset=&#8221;default&#8221; header_3_font=&#8221;Crimson Pro|700|||||||&#8221; header_3_text_align=&#8221;center&#8221; header_3_text_color=&#8221;#FFFFFF&#8221; header_3_font_size=&#8221;46px&#8221; max_width=&#8221;700px&#8221; module_alignment=&#8221;center&#8221; global_colors_info=&#8221;{}&#8221;]<\/p>\n<h3>Humitat per capil\u00b7laritat<\/h3>\n<p>[\/et_pb_text][et_pb_text content_tablet=&#8221;<\/p>\n<p>Conseq\u00fc\u00e8ncies de la humitat per CAPIL\u00b7LARITAT<\/p>\n<p>&#8221; content_phone=&#8221;<\/p>\n<p>Conseq\u00fc\u00e8ncies de la humitat <br \/>per CAPIL\u00b7LARITAT<\/p>\n<p>&#8221; content_last_edited=&#8221;on|phone&#8221; _builder_version=&#8221;4.19.5&#8243; _module_preset=&#8221;default&#8221; text_font=&#8221;|||on|||||&#8221; text_text_color=&#8221;#FFFFFF&#8221; text_orientation=&#8221;center&#8221; global_colors_info=&#8221;{}&#8221;]<\/p>\n<p>Conseq\u00fc\u00e8ncies de la humitat per CAPIL\u00b7LARITAT<\/p>\n<p>[\/et_pb_text][\/et_pb_column][\/et_pb_row][et_pb_row column_structure=&#8221;1_5,1_5,1_5,1_5,1_5&#8243; module_class=&#8221;fila-iconos-sub-header-humedad-condensacion&#8221; _builder_version=&#8221;4.19.5&#8243; _module_preset=&#8221;default&#8221; custom_css_main_element=&#8221;display:flex;&#8221; global_colors_info=&#8221;{}&#8221; custom_css_main_element_last_edited=&#8221;on|desktop&#8221; custom_css_main_element_tablet=&#8221;display:flex;&#8221; custom_css_main_element_phone=&#8221;display:flex;&#8221;][et_pb_column type=&#8221;1_5&#8243; _builder_version=&#8221;4.19.5&#8243; _module_preset=&#8221;default&#8221; global_colors_info=&#8221;{}&#8221; custom_css_main_element_last_edited=&#8221;on|phone&#8221;][et_pb_image src=&#8221;https:\/\/hydrotec.es\/wp-content\/uploads\/2023\/04\/icono-fallos-instalacion-electrica.svg&#8221; alt=&#8221;Icono fallos instalaci\u00f3n el\u00e9ctrica&#8221; title_text=&#8221;icono-fallos-instalacion-electrica&#8221; align=&#8221;center&#8221; _builder_version=&#8221;4.19.5&#8243; _module_preset=&#8221;default&#8221; max_width=&#8221;160px&#8221; custom_margin=&#8221;||16px||false|false&#8221; global_colors_info=&#8221;{}&#8221;][\/et_pb_image][et_pb_text content_tablet=&#8221;<\/p>\n<h4>Errors en la instal\u00b7laci\u00f3<br \/>el\u00e8ctrica<\/h4>\n<p>&#8221; content_phone=&#8221;<\/p>\n<h4>Errors en <br \/>la instal\u00b7laci\u00f3<br \/>el\u00e8ctrica<\/h4>\n<p>&#8221; content_last_edited=&#8221;on|phone&#8221; module_class=&#8221;titulo-icon&#8221; _builder_version=&#8221;4.19.5&#8243; _module_preset=&#8221;default&#8221; header_text_align=&#8221;center&#8221; header_text_color=&#8221;#FFFFFF&#8221; header_4_text_align=&#8221;center&#8221; header_4_text_color=&#8221;#FFFFFF&#8221; header_4_font_size=&#8221;16px&#8221; global_colors_info=&#8221;{}&#8221;]<\/p>\n<h4>Errors en la instal\u00b7laci\u00f3<br \/>el\u00e8ctrica<\/h4>\n<p>[\/et_pb_text][\/et_pb_column][et_pb_column type=&#8221;1_5&#8243; _builder_version=&#8221;4.19.5&#8243; _module_preset=&#8221;default&#8221; global_colors_info=&#8221;{}&#8221; custom_css_main_element_last_edited=&#8221;on|phone&#8221;][et_pb_image src=&#8221;https:\/\/hydrotec.es\/wp-content\/uploads\/2023\/04\/icon-paredes-desconchadas.svg&#8221; alt=&#8221;Icono paredes desconchadas&#8221; title_text=&#8221;icon-paredes-desconchadas&#8221; align=&#8221;center&#8221; _builder_version=&#8221;4.19.5&#8243; _module_preset=&#8221;default&#8221; max_width=&#8221;160px&#8221; custom_margin=&#8221;||16px||false|false&#8221; locked=&#8221;off&#8221; global_colors_info=&#8221;{}&#8221;][\/et_pb_image][et_pb_text content_tablet=&#8221;<\/p>\n<h4>Parets escrostonades i<br \/>pres\u00e8ncia de salnitre<\/h4>\n<p>&#8221; content_phone=&#8221;<\/p>\n<h4>Parets <br \/>desconxades i<br \/>pres\u00e8ncia de salnitre<\/h4>\n<p>&#8221; content_last_edited=&#8221;on|phone&#8221; module_class=&#8221;titulo-icon&#8221; _builder_version=&#8221;4.19.5&#8243; _module_preset=&#8221;default&#8221; header_text_align=&#8221;center&#8221; header_text_color=&#8221;#FFFFFF&#8221; header_4_text_align=&#8221;center&#8221; header_4_text_color=&#8221;#FFFFFF&#8221; header_4_font_size=&#8221;16px&#8221; global_colors_info=&#8221;{}&#8221;]<\/p>\n<h4>Parets escrostonades i<br \/>pres\u00e8ncia de salnitre<\/h4>\n<p>[\/et_pb_text][\/et_pb_column][et_pb_column type=&#8221;1_5&#8243; _builder_version=&#8221;4.19.5&#8243; _module_preset=&#8221;default&#8221; global_colors_info=&#8221;{}&#8221;][et_pb_image src=&#8221;https:\/\/hydrotec.es\/wp-content\/uploads\/2023\/04\/icono-proliferacion-enfermedades.svg&#8221; alt=&#8221;Icono proliferaci\u00f3n enfermedades respiratorias&#8221; title_text=&#8221;icono-proliferacion-enfermedades&#8221; align=&#8221;center&#8221; _builder_version=&#8221;4.19.5&#8243; _module_preset=&#8221;default&#8221; max_width=&#8221;160px&#8221; custom_margin=&#8221;||16px||false|false&#8221; global_colors_info=&#8221;{}&#8221;][\/et_pb_image][et_pb_text _builder_version=&#8221;4.19.5&#8243; _module_preset=&#8221;default&#8221; header_text_align=&#8221;center&#8221; header_text_color=&#8221;#FFFFFF&#8221; header_4_text_align=&#8221;center&#8221; header_4_text_color=&#8221;#FFFFFF&#8221; header_4_font_size=&#8221;16px&#8221; global_colors_info=&#8221;{}&#8221;]<\/p>\n<h4>Proliferaci\u00f3 de malalties respirat\u00f2ries<\/h4>\n<p>[\/et_pb_text][\/et_pb_column][et_pb_column type=&#8221;1_5&#8243; _builder_version=&#8221;4.19.5&#8243; _module_preset=&#8221;default&#8221; global_colors_info=&#8221;{}&#8221;][et_pb_image src=&#8221;https:\/\/hydrotec.es\/wp-content\/uploads\/2023\/04\/icono-muros-cimientos-debilitados.svg&#8221; alt=&#8221;Icono muros y cimientos debilitados&#8221; title_text=&#8221;icono-muros-cimientos-debilitados&#8221; align=&#8221;center&#8221; _builder_version=&#8221;4.19.5&#8243; _module_preset=&#8221;default&#8221; max_width=&#8221;160px&#8221; custom_margin=&#8221;||16px||false|false&#8221; global_colors_info=&#8221;{}&#8221;][\/et_pb_image][et_pb_text _builder_version=&#8221;4.19.5&#8243; _module_preset=&#8221;default&#8221; header_text_align=&#8221;center&#8221; header_text_color=&#8221;#FFFFFF&#8221; header_4_text_align=&#8221;center&#8221; header_4_text_color=&#8221;#FFFFFF&#8221; header_4_font_size=&#8221;16px&#8221; global_colors_info=&#8221;{}&#8221;]<\/p>\n<h4>Murs i fonaments debilitats<\/h4>\n<p>[\/et_pb_text][\/et_pb_column][et_pb_column type=&#8221;1_5&#8243; _builder_version=&#8221;4.19.5&#8243; _module_preset=&#8221;default&#8221; global_colors_info=&#8221;{}&#8221;][et_pb_image src=&#8221;https:\/\/hydrotec.es\/wp-content\/uploads\/2023\/04\/icono-aumento-factura-calefaccion.svg&#8221; alt=&#8221;Icono aumento factura electricidad&#8221; title_text=&#8221;icono-aumento-factura-calefaccion&#8221; align=&#8221;center&#8221; _builder_version=&#8221;4.19.5&#8243; _module_preset=&#8221;default&#8221; max_width=&#8221;160px&#8221; custom_margin=&#8221;||16px||false|false&#8221; global_colors_info=&#8221;{}&#8221;][\/et_pb_image][et_pb_text _builder_version=&#8221;4.19.5&#8243; _module_preset=&#8221;default&#8221; header_text_align=&#8221;center&#8221; header_text_color=&#8221;#FFFFFF&#8221; header_4_text_align=&#8221;center&#8221; header_4_text_color=&#8221;#FFFFFF&#8221; header_4_font_size=&#8221;16px&#8221; global_colors_info=&#8221;{}&#8221;]<\/p>\n<h4>Augment de la factura de la calefacci\u00f3<\/h4>\n<p>[\/et_pb_text][\/et_pb_column][\/et_pb_row][\/et_pb_section][et_pb_section fb_built=&#8221;1&#8243; module_class=&#8221;segunda-section-productos-humedad&#8221; _builder_version=&#8221;4.19.5&#8243; _module_preset=&#8221;default&#8221; custom_padding=&#8221;||10px|||&#8221; global_colors_info=&#8221;{}&#8221;][et_pb_row column_structure=&#8221;1_2,1_2&#8243; _builder_version=&#8221;4.19.5&#8243; _module_preset=&#8221;default&#8221; min_height=&#8221;708.6px&#8221; global_colors_info=&#8221;{}&#8221;][et_pb_column type=&#8221;1_2&#8243; _builder_version=&#8221;4.19.5&#8243; _module_preset=&#8221;default&#8221; global_colors_info=&#8221;{}&#8221;][et_pb_text module_class=&#8221;titulo-icon&#8221; _builder_version=&#8221;4.19.5&#8243; _module_preset=&#8221;default&#8221; header_3_font=&#8221;Crimson Pro|700|||||||&#8221; header_3_font_size=&#8221;38px&#8221; global_colors_info=&#8221;{}&#8221;]<\/p>\n<h3><img decoding=\"async\" class=\"wp-image-380 alignnone size-full\" src=\"https:\/\/hydrotec.es\/wp-content\/uploads\/2023\/03\/causas-humedad-capilaridad.webp\" alt=\"\" width=\"34\" height=\"34\" \/>\u00a0 <span style=\"color: #1967d1;\">Causes<\/span> de la humitat per capil\u00b7laritat<\/h3>\n<p>[\/et_pb_text][et_pb_text _builder_version=&#8221;4.19.5&#8243; _module_preset=&#8221;default&#8221; global_colors_info=&#8221;{}&#8221;]<\/p>\n<p>La <strong>capil\u00b7laritat<\/strong> \u00e9s un fenomen natural que es produeix quan l&#8217;aigua, juntament amb les sals minerals procedents del subs\u00f2l, \u00e9s absorbida pels capil\u00b7lars (porus) dels materials de construcci\u00f3. Quan aquests arriben al punt de saturaci\u00f3, \u00e9s a dir, ja no poden absorbir m\u00e9s aigua ni sals minerals es produeixen les <strong>humitats per capil\u00b7laritat<\/strong>.<\/p>\n<p>Aquest proc\u00e9s ascendent apareix habitualment en edificacions antigues on no hi ha un bon a\u00efllament entre la fonamentaci\u00f3 i les parets exteriors. En el cas de les parets interiors \u00e9s perqu\u00e8 la solera o forjat no presenta un correcte a\u00efllament amb el terreny.<\/p>\n<p>En edificis de nova construcci\u00f3 no \u00e9s tan habitual trobar problemes d&#8217;humitats per capil\u00b7laritat i, si fos el cas, seria per defectes de la construcci\u00f3.<\/p>\n<p>[\/et_pb_text][et_pb_text disabled_on=&#8221;off|off|off&#8221; module_class=&#8221;titulo-icon garantia-productos-humedad&#8221; _builder_version=&#8221;4.23.1&#8243; _module_preset=&#8221;default&#8221; header_3_font=&#8221;Crimson Pro|700|||||||&#8221; header_3_font_size=&#8221;38px&#8221; locked=&#8221;off&#8221; global_colors_info=&#8221;{}&#8221;]<\/p>\n<div class=\"contenedor-contestamos-tus-preguntas\">\n<div class=\"columna\"><img decoding=\"async\" class=\"wp-image-1276 alignnone size-full\" src=\"https:\/\/hydrotec.es\/wp-content\/uploads\/2023\/04\/hydrotec-segell-30-anys-garantia-blau.svg\" alt=\"10 a\u00f1os garant\u00eda filtraci\u00f3n | Hydrotec\" width=\"0\" height=\"0\" \/><\/div>\n<div class=\"columna\"><\/div>\n<div class=\"columna\">\n<h3>Garantia dels tractaments de Hydrotec<\/h3>\n<div class=\"contenedor-botones-contestamos\"><a href=\"tel:935843379\">CATALUNYA<br \/>\n<b>935 843 379<\/b><\/a> <a href=\"tel:+34917285917\">MADRID<br \/>\n<b>917 285 917<\/b><\/a><\/div>\n<\/div>\n<\/div>\n<p>[\/et_pb_text][et_pb_text module_class=&#8221;titulo-icon&#8221; _builder_version=&#8221;4.19.5&#8243; _module_preset=&#8221;default&#8221; header_3_font=&#8221;Crimson Pro|700|||||||&#8221; header_3_font_size=&#8221;38px&#8221; locked=&#8221;off&#8221; global_colors_info=&#8221;{}&#8221;]<\/p>\n<h3><img decoding=\"async\" class=\"wp-image-380 alignnone size-full\" src=\"https:\/\/hydrotec.es\/wp-content\/uploads\/2023\/03\/icon-efectos.webp\" alt=\"\" width=\"34\" height=\"34\" \/>\u00a0 <span style=\"color: #31b259;\">Efectes<\/span> de la humitat per capil\u00b7laritat<\/h3>\n<p>[\/et_pb_text][et_pb_text _builder_version=&#8221;4.19.5&#8243; _module_preset=&#8221;default&#8221; locked=&#8221;off&#8221; global_colors_info=&#8221;{}&#8221;]<\/p>\n<ul>\n<li>Deteriorament i escrostons de la pintura, paper pintat, guix, s\u00f2cols i\/o en alguns casos pres\u00e8ncia de floridura. Els desperfectes anomenats apareixen a la paret des del terra fins a una al\u00e7ada d&#8217;1,20m. En casos excepcionals la humitat a parets pot arribar fins als 2m<\/li>\n<li>Aparici\u00f3 de sals higrosc\u00f2piques (salnitre)<\/li>\n<li>Desperfectes en parquet, mobles, marcs de portes\u2026<\/li>\n<li>Males olors<\/li>\n<\/ul>\n<p>[\/et_pb_text][\/et_pb_column][et_pb_column type=&#8221;1_2&#8243; _builder_version=&#8221;4.19.5&#8243; _module_preset=&#8221;default&#8221; global_colors_info=&#8221;{}&#8221;][et_pb_code module_class=&#8221;fom-tiene-una-duda&#8221; _builder_version=&#8221;4.27.4&#8243; _module_preset=&#8221;default&#8221; hover_enabled=&#8221;0&#8243; global_colors_info=&#8221;{}&#8221; sticky_enabled=&#8221;0&#8243; global_module=&#8221;20868&#8243; saved_tabs=&#8221;all&#8221; locked=&#8221;off&#8221;]\n<div class=\"wpcf7 no-js\" id=\"wpcf7-f19902-o1\" lang=\"ca\" dir=\"ltr\" data-wpcf7-id=\"19902\">\n<div class=\"screen-reader-response\"><p role=\"status\" aria-live=\"polite\" aria-atomic=\"true\"><\/p> <ul><\/ul><\/div>\n<form action=\"\/ca\/wp-json\/wp\/v2\/pages\/19872#wpcf7-f19902-o1\" method=\"post\" class=\"wpcf7-form init\" aria-label=\"Formulari de contacte\" novalidate=\"novalidate\" data-status=\"init\">\n<fieldset class=\"hidden-fields-container\"><input type=\"hidden\" name=\"_wpcf7\" value=\"19902\" \/><input type=\"hidden\" name=\"_wpcf7_version\" value=\"6.1.4\" \/><input type=\"hidden\" name=\"_wpcf7_locale\" value=\"ca\" \/><input type=\"hidden\" name=\"_wpcf7_unit_tag\" value=\"wpcf7-f19902-o1\" \/><input type=\"hidden\" name=\"_wpcf7_container_post\" value=\"0\" \/><input type=\"hidden\" name=\"_wpcf7_posted_data_hash\" value=\"\" \/><input type=\"hidden\" name=\"hcat\" value=\"\" \/>\n<\/fieldset>\n<div class=\"contenedor-form-solicita-info tienes-una-duda\">\n\t<h4>T'assesorem, contacta'ns per rebre el teu pressupost gratu\u00eft\n\t<\/h4>\n\t<h3>Sol\u00b7licita el teu pressupost gratu\u00eft sense comprom\u00eds.\n\t<\/h3>\n\t<p><label>Nom *<span class=\"wpcf7-form-control-wrap\" data-name=\"nombre\"><input size=\"40\" maxlength=\"400\" class=\"wpcf7-form-control wpcf7-text wpcf7-validates-as-required\" aria-required=\"true\" aria-invalid=\"false\" value=\"\" type=\"text\" name=\"nombre\" \/><\/span><\/label><br \/>\n<label>Email *<span class=\"wpcf7-form-control-wrap\" data-name=\"your-email\"><input size=\"40\" maxlength=\"400\" class=\"wpcf7-form-control wpcf7-email wpcf7-validates-as-required wpcf7-text wpcf7-validates-as-email\" aria-required=\"true\" aria-invalid=\"false\" value=\"\" type=\"email\" name=\"your-email\" \/><\/span><\/label><br \/>\n<label>Ciutat *<span class=\"wpcf7-form-control-wrap\" data-name=\"ciudad\"><input size=\"40\" maxlength=\"400\" class=\"wpcf7-form-control wpcf7-text wpcf7-validates-as-required\" aria-required=\"true\" aria-invalid=\"false\" value=\"\" type=\"text\" name=\"ciudad\" \/><\/span><\/label><br \/>\n<label>Tel\u00e8fon *<span class=\"wpcf7-form-control-wrap\" data-name=\"telefono\"><input size=\"40\" maxlength=\"400\" class=\"wpcf7-form-control wpcf7-tel wpcf7-validates-as-required wpcf7-text wpcf7-validates-as-tel\" aria-required=\"true\" aria-invalid=\"false\" value=\"\" type=\"tel\" name=\"telefono\" \/><\/span><\/label><br \/>\n<label>Descriu breument quin problema d'humitats tens *<span class=\"wpcf7-form-control-wrap\" data-name=\"mensaje\"><textarea cols=\"40\" rows=\"10\" maxlength=\"2000\" class=\"wpcf7-form-control wpcf7-textarea wpcf7-validates-as-required\" aria-required=\"true\" aria-invalid=\"false\" name=\"mensaje\"><\/textarea><\/span><\/label>\n\t<\/p>\n\t<p class=\"text-gris-claro\">*Els camps marcats amb un asterisc s\u00f3n obligatoris\n\t<\/p>\n\t<p><span class=\"wpcf7-form-control-wrap\" data-name=\"privacidad\"><span class=\"wpcf7-form-control wpcf7-acceptance optional\"><span class=\"wpcf7-list-item\"><label><input type=\"checkbox\" name=\"privacidad\" value=\"1\" aria-invalid=\"false\" \/><span class=\"wpcf7-list-item-label\">Vull rebre comunicacions sobre els serveis, productes i novetats de Hydrotec.<\/span><\/label><\/span><\/span><\/span>\n\t<\/p>\n\t<p class=\"politica-form\">Fent clic a ENVIAR, declares haver llegit i acceptes la <a href=\"\/politica-de-privacidad\/\">Pol\u00edtica de Privadesa.<\/a>\n\t<\/p>\n\t<p><span id=\"wpcf7-69ef98a23fe71-wrapper\" class=\"wpcf7-form-control-wrap email-wrap\" style=\"display:none !important; visibility:hidden !important;\"><label for=\"wpcf7-69ef98a23fe71-field\" class=\"hp-message\">Deixeu aquest camp buit.<\/label><input id=\"wpcf7-69ef98a23fe71-field\"  class=\"wpcf7-form-control wpcf7-text\" type=\"text\" name=\"email\" value=\"\" size=\"40\" tabindex=\"-1\" autocomplete=\"new-password\" \/><\/span><br \/>\n<input class=\"wpcf7-form-control wpcf7-submit has-spinner\" type=\"submit\" value=\"Enviar\" \/>\n\t<\/p>\n<\/div><div class=\"wpcf7-response-output\" aria-hidden=\"true\"><\/div>\n<\/form>\n<\/div>\n[\/et_pb_code][\/et_pb_column][\/et_pb_row][\/et_pb_section][et_pb_section fb_built=&#8221;1&#8243; _builder_version=&#8221;4.19.5&#8243; _module_preset=&#8221;default&#8221; custom_padding=&#8221;0px||||false|false&#8221; global_colors_info=&#8221;{}&#8221;][et_pb_row column_structure=&#8221;1_2,1_2&#8243; module_class=&#8221;fila-causas-humedad&#8221; _builder_version=&#8221;4.19.5&#8243; _module_preset=&#8221;default&#8221; global_colors_info=&#8221;{}&#8221;][et_pb_column type=&#8221;1_2&#8243; _builder_version=&#8221;4.19.5&#8243; _module_preset=&#8221;default&#8221; global_colors_info=&#8221;{}&#8221;][et_pb_text module_class=&#8221;titulo-icon&#8221; _builder_version=&#8221;4.19.5&#8243; _module_preset=&#8221;default&#8221; header_3_font=&#8221;Crimson Pro|700|||||||&#8221; header_3_font_size=&#8221;38px&#8221; custom_margin_tablet=&#8221;&#8221; custom_margin_phone=&#8221;-57px||||false|false&#8221; custom_margin_last_edited=&#8221;on|phone&#8221; global_colors_info=&#8221;{}&#8221;]<\/p>\n<h3><img decoding=\"async\" class=\"wp-image-380 alignnone size-full\" src=\"https:\/\/hydrotec.es\/wp-content\/uploads\/2023\/03\/causas-humedad-capilaridad.webp\" alt=\"\" width=\"34\" height=\"34\" \/>\u00a0 <span style=\"color: #1967d1;\">Com solucionar <\/span>problemes d&#8217;humitats per capil\u00b7laritat en un habitatge<\/h3>\n<p>[\/et_pb_text][et_pb_text _builder_version=&#8221;4.19.5&#8243; _module_preset=&#8221;default&#8221; custom_margin=&#8221;||16px||false|false&#8221; custom_padding=&#8221;||||false|false&#8221; global_colors_info=&#8221;{}&#8221;]<\/p>\n<p>Per eliminar la humitat per capil\u00b7laritat la soluci\u00f3 consisteix a impermeabilitzar interiorment els murs afectats, que no estan enterrats, aturant l&#8217;ascens d&#8217;humitat pels mateixos. Mitjan\u00e7ant un sistema de perforacions s&#8217;injecta una soluci\u00f3 de resines, en forma aquosa o en gel, que garanteix l&#8217;estanquitat absoluta de la humitat ascensional. Aquest proc\u00e9s es repeteix a tota la base del mur afectat sense arribar a sobrepassar el seu costat oposat.<\/p>\n<p>Hydrotec us ofereix una <strong>rehabilitaci\u00f3 immediata<\/strong> despr\u00e9s d&#8217;efectuar <strong>el tractament amb morter macropor\u00f3s (draining) <\/strong>la funci\u00f3 de la qual \u00e9s deixar transpirar la humitat residual de les parets tractades.\u00a0<\/p>\n<p>[\/et_pb_text][\/et_pb_column][et_pb_column type=&#8221;1_2&#8243; _builder_version=&#8221;4.19.5&#8243; _module_preset=&#8221;default&#8221; global_colors_info=&#8221;{}&#8221;][et_pb_slider module_class=&#8221;slider-causas&#8221; _builder_version=&#8221;4.19.5&#8243; _module_preset=&#8221;default&#8221; min_height=&#8221;400px&#8221; min_height_tablet=&#8221;600px&#8221; min_height_phone=&#8221;400px&#8221; min_height_last_edited=&#8221;on|desktop&#8221; global_colors_info=&#8221;{}&#8221;][et_pb_slide _builder_version=&#8221;4.19.5&#8243; _module_preset=&#8221;default&#8221; background_color=&#8221;rgba(25,103,209,0.28)&#8221; background_enable_color=&#8221;on&#8221; background_image=&#8221;https:\/\/hydrotec.es\/wp-content\/uploads\/2023\/04\/hydrotec-humedad-por-capilaridad-zocalo.jpeg&#8221; background_enable_image=&#8221;on&#8221; global_colors_info=&#8221;{}&#8221; sticky_transition=&#8221;on&#8221;][\/et_pb_slide][et_pb_slide _builder_version=&#8221;4.19.5&#8243; _module_preset=&#8221;default&#8221; background_color=&#8221;rgba(25,103,209,0.28)&#8221; background_enable_color=&#8221;on&#8221; background_image=&#8221;https:\/\/hydrotec.es\/wp-content\/uploads\/2023\/04\/hydrotec-humedad-por-capilaridad-pared.jpeg&#8221; background_enable_image=&#8221;on&#8221; global_colors_info=&#8221;{}&#8221; sticky_transition=&#8221;on&#8221;][\/et_pb_slide][et_pb_slide _builder_version=&#8221;4.19.5&#8243; _module_preset=&#8221;default&#8221; background_color=&#8221;rgba(25,103,209,0.28)&#8221; background_enable_color=&#8221;on&#8221; background_image=&#8221;https:\/\/hydrotec.es\/wp-content\/uploads\/2023\/04\/hydrotec-humedad-por-capilaridad.jpeg&#8221; background_enable_image=&#8221;on&#8221; global_colors_info=&#8221;{}&#8221; sticky_transition=&#8221;on&#8221;][\/et_pb_slide][\/et_pb_slider][\/et_pb_column][\/et_pb_row][\/et_pb_section][et_pb_section fb_built=&#8221;1&#8243; custom_padding_last_edited=&#8221;on|tablet&#8221; _builder_version=&#8221;4.19.5&#8243; _module_preset=&#8221;default&#8221; background_image=&#8221;https:\/\/hydrotec.es\/wp-content\/uploads\/2023\/02\/fondo-form-footer.jpg&#8221; custom_padding=&#8221;60px||0px||false|false&#8221; custom_padding_tablet=&#8221;0px||0px||false|false&#8221; custom_padding_phone=&#8221;&#8221; global_module=&#8221;20856&#8243; saved_tabs=&#8221;all&#8221; global_colors_info=&#8221;{}&#8221;][et_pb_row custom_padding_last_edited=&#8221;on|tablet&#8221; _builder_version=&#8221;4.19.5&#8243; _module_preset=&#8221;default&#8221; background_color=&#8221;#FFFFFF&#8221; max_width=&#8221;800px&#8221; custom_margin=&#8221;||0px||false|false&#8221; custom_padding_tablet=&#8221;0px|16px||16px|false|true&#8221; custom_padding_phone=&#8221;&#8221; global_colors_info=&#8221;{}&#8221;][et_pb_column type=&#8221;4_4&#8243; _builder_version=&#8221;4.19.5&#8243; _module_preset=&#8221;default&#8221; global_colors_info=&#8221;{}&#8221;][et_pb_text _builder_version=&#8221;4.27.4&#8243; _module_preset=&#8221;default&#8221; header_3_font=&#8221;Crimson Pro|700|||||||&#8221; header_3_text_align=&#8221;center&#8221; header_3_font_size=&#8221;32px&#8221; custom_margin=&#8221;||16px||false|false&#8221; custom_padding=&#8221;||0px||false|false&#8221; global_colors_info=&#8221;{}&#8221;]<\/p>\n<h3>Sol\u00b7licita el teu pressupost gratu\u00eft sense comprom\u00eds<\/h3>\n<p>[\/et_pb_text][et_pb_code _builder_version=&#8221;4.27.4&#8243; _module_preset=&#8221;default&#8221; global_colors_info=&#8221;{}&#8221;]\n<div class=\"wpcf7 no-js\" id=\"wpcf7-f19906-o2\" lang=\"ca\" dir=\"ltr\" data-wpcf7-id=\"19906\">\n<div class=\"screen-reader-response\"><p role=\"status\" aria-live=\"polite\" aria-atomic=\"true\"><\/p> <ul><\/ul><\/div>\n<form action=\"\/ca\/wp-json\/wp\/v2\/pages\/19872#wpcf7-f19906-o2\" method=\"post\" class=\"wpcf7-form init\" aria-label=\"Formulari de contacte\" novalidate=\"novalidate\" data-status=\"init\">\n<fieldset class=\"hidden-fields-container\"><input type=\"hidden\" name=\"_wpcf7\" value=\"19906\" \/><input type=\"hidden\" name=\"_wpcf7_version\" value=\"6.1.4\" \/><input type=\"hidden\" name=\"_wpcf7_locale\" value=\"ca\" \/><input type=\"hidden\" name=\"_wpcf7_unit_tag\" value=\"wpcf7-f19906-o2\" \/><input type=\"hidden\" name=\"_wpcf7_container_post\" value=\"0\" \/><input type=\"hidden\" name=\"_wpcf7_posted_data_hash\" value=\"\" \/><input type=\"hidden\" name=\"hcat\" value=\"\" \/>\n<\/fieldset>\n<div class=\"contenedor-form-footer\">\n\t<div class=\"fila\">\n\t\t<p><label>Nom *<span class=\"wpcf7-form-control-wrap\" data-name=\"nombre\"><input size=\"40\" maxlength=\"400\" class=\"wpcf7-form-control wpcf7-text wpcf7-validates-as-required\" aria-required=\"true\" aria-invalid=\"false\" value=\"\" type=\"text\" name=\"nombre\" \/><\/span><\/label><br \/>\n<label>Cuitat *<span class=\"wpcf7-form-control-wrap\" data-name=\"ciudad\"><input size=\"40\" maxlength=\"400\" class=\"wpcf7-form-control wpcf7-text wpcf7-validates-as-required\" aria-required=\"true\" aria-invalid=\"false\" value=\"\" type=\"text\" name=\"ciudad\" \/><\/span><\/label>\n\t\t<\/p>\n\t<\/div>\n\t<div class=\"fila\">\n\t\t<p><label>Email *<span class=\"wpcf7-form-control-wrap\" data-name=\"your-email\"><input size=\"40\" maxlength=\"400\" class=\"wpcf7-form-control wpcf7-email wpcf7-validates-as-required wpcf7-text wpcf7-validates-as-email\" aria-required=\"true\" aria-invalid=\"false\" value=\"\" type=\"email\" name=\"your-email\" \/><\/span><\/label><br \/>\n<label>Tel\u00e8fon *<span class=\"wpcf7-form-control-wrap\" data-name=\"telefono\"><input size=\"40\" maxlength=\"400\" class=\"wpcf7-form-control wpcf7-tel wpcf7-validates-as-required wpcf7-text wpcf7-validates-as-tel\" aria-required=\"true\" aria-invalid=\"false\" value=\"\" type=\"tel\" name=\"telefono\" \/><\/span><\/label>\n\t\t<\/p>\n\t<\/div>\n\t<p><label>Descriu breument quin problema d'humitats tens *<span class=\"wpcf7-form-control-wrap\" data-name=\"mensaje\"><textarea cols=\"40\" rows=\"10\" maxlength=\"2000\" class=\"wpcf7-form-control wpcf7-textarea wpcf7-validates-as-required\" aria-required=\"true\" aria-invalid=\"false\" name=\"mensaje\"><\/textarea><\/span><\/label>\n\t<\/p>\n\t<P class=\"text-gris-claro\">*Els camps marcats amb un asterisc s\u00f3n obligatoris\n\t<\/p>\n\t<p><span class=\"wpcf7-form-control-wrap\" data-name=\"privacidad\"><span class=\"wpcf7-form-control wpcf7-acceptance optional\"><span class=\"wpcf7-list-item\"><label><input type=\"checkbox\" name=\"privacidad\" value=\"1\" aria-invalid=\"false\" \/><span class=\"wpcf7-list-item-label\">Vull rebre comunicacions sobre els serveis, productes i novetats de Hydrotec.<\/span><\/label><\/span><\/span><\/span>\n\t<\/p>\n\t<p class=\"politica-form\">Fent clic a ENVIAR, declares haver llegit i acceptes la <a href=\"\/politica-de-privacidad\/\">pol\u00edtica de privadesa<\/a>.\n\t<\/p>\n\t<p><span id=\"wpcf7-69ef98a243323-wrapper\" class=\"wpcf7-form-control-wrap email-wrap\" style=\"display:none !important; visibility:hidden !important;\"><label for=\"wpcf7-69ef98a243323-field\" class=\"hp-message\">Deixeu aquest camp buit.<\/label><input id=\"wpcf7-69ef98a243323-field\"  class=\"wpcf7-form-control wpcf7-text\" type=\"text\" name=\"email\" value=\"\" size=\"40\" tabindex=\"-1\" autocomplete=\"new-password\" \/><\/span><br \/>\n<input class=\"wpcf7-form-control wpcf7-submit has-spinner\" type=\"submit\" value=\"Enviar\" \/>\n\t<\/p>\n<\/div><div class=\"wpcf7-response-output\" aria-hidden=\"true\"><\/div>\n<\/form>\n<\/div>\n[\/et_pb_code][\/et_pb_column][\/et_pb_row][\/et_pb_section]<\/p>\n","protected":false},"excerpt":{"rendered":"<p>Humitat per capil\u00b7laritatConseq\u00fc\u00e8ncies de la humitat per CAPIL\u00b7LARITATErrors en la instal\u00b7laci\u00f3el\u00e8ctricaParets escrostonades ipres\u00e8ncia de salnitreProliferaci\u00f3 de malalties respirat\u00f2riesMurs i fonaments debilitatsAugment de la factura de la calefacci\u00f3\u00a0 Causes de la humitat per capil\u00b7laritatLa capil\u00b7laritat \u00e9s un fenomen natural que es produeix quan l&#8217;aigua, juntament amb les sals minerals procedents del subs\u00f2l, \u00e9s absorbida pels capil\u00b7lars [&hellip;]<\/p>\n","protected":false},"author":1,"featured_media":0,"parent":19869,"menu_order":0,"comment_status":"closed","ping_status":"closed","template":"","meta":{"_et_pb_use_builder":"on","_et_pb_old_content":"","_et_gb_content_width":"","footnotes":""},"difl_page_category":[],"class_list":["post-19872","page","type-page","status-publish","hentry"],"yoast_head":"<!-- This site is optimized with the Yoast SEO plugin v26.6 - https:\/\/yoast.com\/wordpress\/plugins\/seo\/ -->\n<title>Humitat per capil\u00b7laritat. Com eliminar-la? | Hydrotec<\/title>\n<meta name=\"description\" content=\"Humitats per capil\u00b7laritat a casa i com eliminar-les. Hydrotec ofereix solucions a mida per a casa teva. Demana pressupost. Amb 30 anys de garantia!\" \/>\n<meta name=\"robots\" content=\"index, follow, max-snippet:-1, max-image-preview:large, max-video-preview:-1\" \/>\n<link rel=\"canonical\" href=\"https:\/\/hydrotec.es\/ca\/humitats-a-casa\/humitat-per-capillaritat\/\" \/>\n<meta property=\"og:locale\" content=\"ca_ES\" \/>\n<meta property=\"og:type\" content=\"article\" \/>\n<meta property=\"og:title\" content=\"Humitat per capil\u00b7laritat. Com eliminar-la? | Hydrotec\" \/>\n<meta property=\"og:description\" content=\"Humitats per capil\u00b7laritat a casa i com eliminar-les. Hydrotec ofereix solucions a mida per a casa teva. Demana pressupost. Amb 30 anys de garantia!\" \/>\n<meta property=\"og:url\" content=\"https:\/\/hydrotec.es\/ca\/humitats-a-casa\/humitat-per-capillaritat\/\" \/>\n<meta property=\"og:site_name\" content=\"Hydrotec\" \/>\n<meta property=\"article:modified_time\" content=\"2025-10-15T14:31:54+00:00\" \/>\n<meta property=\"og:image\" content=\"https:\/\/hydrotec.es\/wp-content\/uploads\/2023\/03\/causas-humedad-capilaridad.webp\" \/>\n<meta name=\"twitter:card\" content=\"summary_large_image\" \/>\n<meta name=\"twitter:label1\" content=\"Temps estimat de lectura\" \/>\n\t<meta name=\"twitter:data1\" content=\"9 minuts\" \/>\n<script type=\"application\/ld+json\" class=\"yoast-schema-graph\">{\"@context\":\"https:\/\/schema.org\",\"@graph\":[{\"@type\":\"WebPage\",\"@id\":\"https:\/\/hydrotec.es\/ca\/humitats-a-casa\/humitat-per-capillaritat\/\",\"url\":\"https:\/\/hydrotec.es\/ca\/humitats-a-casa\/humitat-per-capillaritat\/\",\"name\":\"Humitat per capil\u00b7laritat. Com eliminar-la? | Hydrotec\",\"isPartOf\":{\"@id\":\"https:\/\/hydrotec.es\/ca\/#website\"},\"primaryImageOfPage\":{\"@id\":\"https:\/\/hydrotec.es\/ca\/humitats-a-casa\/humitat-per-capillaritat\/#primaryimage\"},\"image\":{\"@id\":\"https:\/\/hydrotec.es\/ca\/humitats-a-casa\/humitat-per-capillaritat\/#primaryimage\"},\"thumbnailUrl\":\"https:\/\/hydrotec.es\/wp-content\/uploads\/2023\/03\/causas-humedad-capilaridad.webp\",\"datePublished\":\"2023-02-27T08:05:32+00:00\",\"dateModified\":\"2025-10-15T14:31:54+00:00\",\"description\":\"Humitats per capil\u00b7laritat a casa i com eliminar-les. Hydrotec ofereix solucions a mida per a casa teva. Demana pressupost. Amb 30 anys de garantia!\",\"breadcrumb\":{\"@id\":\"https:\/\/hydrotec.es\/ca\/humitats-a-casa\/humitat-per-capillaritat\/#breadcrumb\"},\"inLanguage\":\"ca\",\"potentialAction\":[{\"@type\":\"ReadAction\",\"target\":[\"https:\/\/hydrotec.es\/ca\/humitats-a-casa\/humitat-per-capillaritat\/\"]}]},{\"@type\":\"ImageObject\",\"inLanguage\":\"ca\",\"@id\":\"https:\/\/hydrotec.es\/ca\/humitats-a-casa\/humitat-per-capillaritat\/#primaryimage\",\"url\":\"https:\/\/hydrotec.es\/wp-content\/uploads\/2023\/03\/causas-humedad-capilaridad.webp\",\"contentUrl\":\"https:\/\/hydrotec.es\/wp-content\/uploads\/2023\/03\/causas-humedad-capilaridad.webp\"},{\"@type\":\"BreadcrumbList\",\"@id\":\"https:\/\/hydrotec.es\/ca\/humitats-a-casa\/humitat-per-capillaritat\/#breadcrumb\",\"itemListElement\":[{\"@type\":\"ListItem\",\"position\":1,\"name\":\"Portada\",\"item\":\"https:\/\/hydrotec.es\/ca\/\"},{\"@type\":\"ListItem\",\"position\":2,\"name\":\"Humitats a casa\",\"item\":\"https:\/\/hydrotec.es\/ca\/tipos-de-humedades-en-casa\/\"},{\"@type\":\"ListItem\",\"position\":3,\"name\":\"Humitat per capil\u00b7laritat\"}]},{\"@type\":\"WebSite\",\"@id\":\"https:\/\/hydrotec.es\/ca\/#website\",\"url\":\"https:\/\/hydrotec.es\/ca\/\",\"name\":\"Hydrotec\",\"description\":\"Soluci\u00f3n a las humedades\",\"potentialAction\":[{\"@type\":\"SearchAction\",\"target\":{\"@type\":\"EntryPoint\",\"urlTemplate\":\"https:\/\/hydrotec.es\/ca\/?s={search_term_string}\"},\"query-input\":{\"@type\":\"PropertyValueSpecification\",\"valueRequired\":true,\"valueName\":\"search_term_string\"}}],\"inLanguage\":\"ca\"}]}<\/script>\n<!-- \/ Yoast SEO plugin. -->","yoast_head_json":{"title":"Humitat per capil\u00b7laritat. Com eliminar-la? | Hydrotec","description":"Humitats per capil\u00b7laritat a casa i com eliminar-les. Hydrotec ofereix solucions a mida per a casa teva. Demana pressupost. Amb 30 anys de garantia!","robots":{"index":"index","follow":"follow","max-snippet":"max-snippet:-1","max-image-preview":"max-image-preview:large","max-video-preview":"max-video-preview:-1"},"canonical":"https:\/\/hydrotec.es\/ca\/humitats-a-casa\/humitat-per-capillaritat\/","og_locale":"ca_ES","og_type":"article","og_title":"Humitat per capil\u00b7laritat. Com eliminar-la? | Hydrotec","og_description":"Humitats per capil\u00b7laritat a casa i com eliminar-les. Hydrotec ofereix solucions a mida per a casa teva. Demana pressupost. Amb 30 anys de garantia!","og_url":"https:\/\/hydrotec.es\/ca\/humitats-a-casa\/humitat-per-capillaritat\/","og_site_name":"Hydrotec","article_modified_time":"2025-10-15T14:31:54+00:00","og_image":[{"url":"https:\/\/hydrotec.es\/wp-content\/uploads\/2023\/03\/causas-humedad-capilaridad.webp","type":"","width":"","height":""}],"twitter_card":"summary_large_image","twitter_misc":{"Temps estimat de lectura":"9 minuts"},"schema":{"@context":"https:\/\/schema.org","@graph":[{"@type":"WebPage","@id":"https:\/\/hydrotec.es\/ca\/humitats-a-casa\/humitat-per-capillaritat\/","url":"https:\/\/hydrotec.es\/ca\/humitats-a-casa\/humitat-per-capillaritat\/","name":"Humitat per capil\u00b7laritat. Com eliminar-la? | Hydrotec","isPartOf":{"@id":"https:\/\/hydrotec.es\/ca\/#website"},"primaryImageOfPage":{"@id":"https:\/\/hydrotec.es\/ca\/humitats-a-casa\/humitat-per-capillaritat\/#primaryimage"},"image":{"@id":"https:\/\/hydrotec.es\/ca\/humitats-a-casa\/humitat-per-capillaritat\/#primaryimage"},"thumbnailUrl":"https:\/\/hydrotec.es\/wp-content\/uploads\/2023\/03\/causas-humedad-capilaridad.webp","datePublished":"2023-02-27T08:05:32+00:00","dateModified":"2025-10-15T14:31:54+00:00","description":"Humitats per capil\u00b7laritat a casa i com eliminar-les. Hydrotec ofereix solucions a mida per a casa teva. Demana pressupost. Amb 30 anys de garantia!","breadcrumb":{"@id":"https:\/\/hydrotec.es\/ca\/humitats-a-casa\/humitat-per-capillaritat\/#breadcrumb"},"inLanguage":"ca","potentialAction":[{"@type":"ReadAction","target":["https:\/\/hydrotec.es\/ca\/humitats-a-casa\/humitat-per-capillaritat\/"]}]},{"@type":"ImageObject","inLanguage":"ca","@id":"https:\/\/hydrotec.es\/ca\/humitats-a-casa\/humitat-per-capillaritat\/#primaryimage","url":"https:\/\/hydrotec.es\/wp-content\/uploads\/2023\/03\/causas-humedad-capilaridad.webp","contentUrl":"https:\/\/hydrotec.es\/wp-content\/uploads\/2023\/03\/causas-humedad-capilaridad.webp"},{"@type":"BreadcrumbList","@id":"https:\/\/hydrotec.es\/ca\/humitats-a-casa\/humitat-per-capillaritat\/#breadcrumb","itemListElement":[{"@type":"ListItem","position":1,"name":"Portada","item":"https:\/\/hydrotec.es\/ca\/"},{"@type":"ListItem","position":2,"name":"Humitats a casa","item":"https:\/\/hydrotec.es\/ca\/tipos-de-humedades-en-casa\/"},{"@type":"ListItem","position":3,"name":"Humitat per capil\u00b7laritat"}]},{"@type":"WebSite","@id":"https:\/\/hydrotec.es\/ca\/#website","url":"https:\/\/hydrotec.es\/ca\/","name":"Hydrotec","description":"Soluci\u00f3n a las humedades","potentialAction":[{"@type":"SearchAction","target":{"@type":"EntryPoint","urlTemplate":"https:\/\/hydrotec.es\/ca\/?s={search_term_string}"},"query-input":{"@type":"PropertyValueSpecification","valueRequired":true,"valueName":"search_term_string"}}],"inLanguage":"ca"}]}},"_links":{"self":[{"href":"https:\/\/hydrotec.es\/ca\/wp-json\/wp\/v2\/pages\/19872","targetHints":{"allow":["GET"]}}],"collection":[{"href":"https:\/\/hydrotec.es\/ca\/wp-json\/wp\/v2\/pages"}],"about":[{"href":"https:\/\/hydrotec.es\/ca\/wp-json\/wp\/v2\/types\/page"}],"author":[{"embeddable":true,"href":"https:\/\/hydrotec.es\/ca\/wp-json\/wp\/v2\/users\/1"}],"replies":[{"embeddable":true,"href":"https:\/\/hydrotec.es\/ca\/wp-json\/wp\/v2\/comments?post=19872"}],"version-history":[{"count":18,"href":"https:\/\/hydrotec.es\/ca\/wp-json\/wp\/v2\/pages\/19872\/revisions"}],"predecessor-version":[{"id":20871,"href":"https:\/\/hydrotec.es\/ca\/wp-json\/wp\/v2\/pages\/19872\/revisions\/20871"}],"up":[{"embeddable":true,"href":"https:\/\/hydrotec.es\/ca\/wp-json\/wp\/v2\/pages\/19869"}],"wp:attachment":[{"href":"https:\/\/hydrotec.es\/ca\/wp-json\/wp\/v2\/media?parent=19872"}],"wp:term":[{"taxonomy":"difl_page_category","embeddable":true,"href":"https:\/\/hydrotec.es\/ca\/wp-json\/wp\/v2\/difl_page_category?post=19872"}],"curies":[{"name":"wp","href":"https:\/\/api.w.org\/{rel}","templated":true}]}}