{"id":19875,"date":"2023-02-07T00:07:21","date_gmt":"2023-02-06T23:07:21","guid":{"rendered":"https:\/\/hydrotec.welovewebs.es\/humitats-a-casa\/humitat-per-condensacio\/"},"modified":"2025-10-15T16:31:00","modified_gmt":"2025-10-15T14:31:00","slug":"humitat-per-condensacio","status":"publish","type":"page","link":"https:\/\/hydrotec.es\/ca\/humitats-a-casa\/humitat-per-condensacio\/","title":{"rendered":"Humitat per condensaci\u00f3"},"content":{"rendered":"<p>[et_pb_section fb_built=&#8221;1&#8243; module_class=&#8221;section-sub-header&#8221; _builder_version=&#8221;4.19.5&#8243; _module_preset=&#8221;default&#8221; background_image=&#8221;https:\/\/hydrotec.es\/wp-content\/uploads\/2023\/03\/fondo-header2-1024&#215;299-1.webp&#8221; global_colors_info=&#8221;{}&#8221;][et_pb_row _builder_version=&#8221;4.19.5&#8243; _module_preset=&#8221;default&#8221; global_colors_info=&#8221;{}&#8221;][et_pb_column type=&#8221;4_4&#8243; _builder_version=&#8221;4.19.5&#8243; _module_preset=&#8221;default&#8221; global_colors_info=&#8221;{}&#8221;][et_pb_text _builder_version=&#8221;4.19.5&#8243; _module_preset=&#8221;default&#8221; header_3_font=&#8221;Crimson Pro|700|||||||&#8221; header_3_text_align=&#8221;center&#8221; header_3_text_color=&#8221;#FFFFFF&#8221; header_3_font_size=&#8221;46px&#8221; max_width=&#8221;700px&#8221; module_alignment=&#8221;center&#8221; global_colors_info=&#8221;{}&#8221;]<\/p>\n<h3>Humitat per condensaci\u00f3<\/h3>\n<p>[\/et_pb_text][et_pb_text content_tablet=&#8221;<\/p>\n<p>Conseq\u00fc\u00e8ncies de la humitat per condensaci\u00f3<\/p>\n<p>&#8221; content_phone=&#8221;<\/p>\n<p>Conseq\u00fc\u00e8ncies de la humitat <br \/>per condensaci\u00f3<\/p>\n<p>&#8221; content_last_edited=&#8221;on|phone&#8221; _builder_version=&#8221;4.19.5&#8243; _module_preset=&#8221;default&#8221; text_font=&#8221;|||on|||||&#8221; text_text_color=&#8221;#FFFFFF&#8221; text_orientation=&#8221;center&#8221; global_colors_info=&#8221;{}&#8221;]<\/p>\n<p>Conseq\u00fc\u00e8ncies de la humitat per condensaci\u00f3<\/p>\n<p>[\/et_pb_text][\/et_pb_column][\/et_pb_row][et_pb_row column_structure=&#8221;1_5,1_5,1_5,1_5,1_5&#8243; module_class=&#8221;fila-iconos-sub-header-humedad-condensacion&#8221; _builder_version=&#8221;4.19.5&#8243; _module_preset=&#8221;default&#8221; custom_css_main_element=&#8221;display:flex;&#8221; global_colors_info=&#8221;{}&#8221; custom_css_main_element_last_edited=&#8221;on|desktop&#8221; custom_css_main_element_tablet=&#8221;display:flex;&#8221; custom_css_main_element_phone=&#8221;display:flex;&#8221;][et_pb_column type=&#8221;1_5&#8243; _builder_version=&#8221;4.19.5&#8243; _module_preset=&#8221;default&#8221; global_colors_info=&#8221;{}&#8221; custom_css_main_element_last_edited=&#8221;on|phone&#8221;][et_pb_image src=&#8221;https:\/\/hydrotec.es\/wp-content\/uploads\/2023\/04\/icon-vaho-en-los-cristales-o-ventanas-que-lloran.svg&#8221; title_text=&#8221;icon-vaho-en-los-cristales-o-ventanas-que-lloran&#8221; align=&#8221;center&#8221; _builder_version=&#8221;4.19.5&#8243; _module_preset=&#8221;default&#8221; max_width=&#8221;160px&#8221; custom_margin=&#8221;||16px||false|false&#8221; global_colors_info=&#8221;{}&#8221;][\/et_pb_image][et_pb_text module_class=&#8221;titulo-icon&#8221; _builder_version=&#8221;4.19.5&#8243; _module_preset=&#8221;default&#8221; header_text_align=&#8221;center&#8221; header_text_color=&#8221;#FFFFFF&#8221; header_4_text_align=&#8221;center&#8221; header_4_text_color=&#8221;#FFFFFF&#8221; header_4_font_size=&#8221;16px&#8221; global_colors_info=&#8221;{}&#8221;]<\/p>\n<h4>Baf als vidres o finestres <br \/>que &#8216;ploren&#8217;<\/h4>\n<p>[\/et_pb_text][\/et_pb_column][et_pb_column type=&#8221;1_5&#8243; _builder_version=&#8221;4.19.5&#8243; _module_preset=&#8221;default&#8221; global_colors_info=&#8221;{}&#8221; custom_css_main_element_last_edited=&#8221;on|phone&#8221;][et_pb_image src=&#8221;https:\/\/hydrotec.es\/wp-content\/uploads\/2023\/04\/icono-proliferacion-enfermedades.svg&#8221; title_text=&#8221;icono-proliferacion-enfermedades&#8221; align=&#8221;center&#8221; _builder_version=&#8221;4.19.5&#8243; _module_preset=&#8221;default&#8221; max_width=&#8221;160px&#8221; custom_margin=&#8221;||16px||false|false&#8221; global_colors_info=&#8221;{}&#8221;][\/et_pb_image][et_pb_text module_class=&#8221;titulo-icon&#8221; _builder_version=&#8221;4.19.5&#8243; _module_preset=&#8221;default&#8221; header_text_align=&#8221;center&#8221; header_text_color=&#8221;#FFFFFF&#8221; header_4_text_align=&#8221;center&#8221; header_4_text_color=&#8221;#FFFFFF&#8221; header_4_font_size=&#8221;16px&#8221; global_colors_info=&#8221;{}&#8221;]<\/p>\n<h4>Proliferaci\u00f3 de malalties respirat\u00f2ries<\/h4>\n<p>[\/et_pb_text][\/et_pb_column][et_pb_column type=&#8221;1_5&#8243; _builder_version=&#8221;4.19.5&#8243; _module_preset=&#8221;default&#8221; global_colors_info=&#8221;{}&#8221;][et_pb_image src=&#8221;https:\/\/hydrotec.es\/wp-content\/uploads\/2023\/04\/icono-aumento-factura-calefaccion.svg&#8221; title_text=&#8221;icono-aumento-factura-calefaccion&#8221; align=&#8221;center&#8221; _builder_version=&#8221;4.19.5&#8243; _module_preset=&#8221;default&#8221; max_width=&#8221;160px&#8221; custom_margin=&#8221;||16px||false|false&#8221; global_colors_info=&#8221;{}&#8221;][\/et_pb_image][et_pb_text _builder_version=&#8221;4.19.5&#8243; _module_preset=&#8221;default&#8221; header_text_align=&#8221;center&#8221; header_text_color=&#8221;#FFFFFF&#8221; header_4_text_align=&#8221;center&#8221; header_4_text_color=&#8221;#FFFFFF&#8221; header_4_font_size=&#8221;16px&#8221; global_colors_info=&#8221;{}&#8221;]<\/p>\n<h4>Augment de la factura <br \/>de la calefacci\u00f3<\/h4>\n<p>[\/et_pb_text][\/et_pb_column][et_pb_column type=&#8221;1_5&#8243; _builder_version=&#8221;4.19.5&#8243; _module_preset=&#8221;default&#8221; global_colors_info=&#8221;{}&#8221;][et_pb_image src=&#8221;https:\/\/hydrotec.es\/wp-content\/uploads\/2023\/04\/icon-manchas-de-moho-en-paredes-muebles-y-ropa.svg&#8221; title_text=&#8221;icon-manchas-de-moho-en-paredes-muebles-y-ropa&#8221; align=&#8221;center&#8221; _builder_version=&#8221;4.19.5&#8243; _module_preset=&#8221;default&#8221; max_width=&#8221;160px&#8221; custom_margin=&#8221;||16px||false|false&#8221; global_colors_info=&#8221;{}&#8221;][\/et_pb_image][et_pb_text _builder_version=&#8221;4.19.5&#8243; _module_preset=&#8221;default&#8221; header_text_align=&#8221;center&#8221; header_text_color=&#8221;#FFFFFF&#8221; header_4_text_align=&#8221;center&#8221; header_4_text_color=&#8221;#FFFFFF&#8221; header_4_font_size=&#8221;16px&#8221; global_colors_info=&#8221;{}&#8221;]<\/p>\n<h4>Males olors a l&#8217;ambient <br \/>i a la roba<\/h4>\n<p>[\/et_pb_text][\/et_pb_column][et_pb_column type=&#8221;1_5&#8243; _builder_version=&#8221;4.19.5&#8243; _module_preset=&#8221;default&#8221; global_colors_info=&#8221;{}&#8221;][et_pb_image src=&#8221;https:\/\/hydrotec.es\/wp-content\/uploads\/2023\/04\/icon-malos-olores-en-el-ambiente-y-en-la-ropa.svg&#8221; title_text=&#8221;icon-malos-olores-en-el-ambiente-y-en-la-ropa&#8221; align=&#8221;center&#8221; _builder_version=&#8221;4.19.5&#8243; _module_preset=&#8221;default&#8221; max_width=&#8221;160px&#8221; custom_margin=&#8221;||16px||false|false&#8221; global_colors_info=&#8221;{}&#8221;][\/et_pb_image][et_pb_text _builder_version=&#8221;4.19.5&#8243; _module_preset=&#8221;default&#8221; header_text_align=&#8221;center&#8221; header_text_color=&#8221;#FFFFFF&#8221; header_4_text_align=&#8221;center&#8221; header_4_text_color=&#8221;#FFFFFF&#8221; header_4_font_size=&#8221;16px&#8221; global_colors_info=&#8221;{}&#8221;]<\/p>\n<h4>Taques de floridura a <br \/>parets, mobles i roba<\/h4>\n<p>[\/et_pb_text][\/et_pb_column][\/et_pb_row][\/et_pb_section][et_pb_section fb_built=&#8221;1&#8243; _builder_version=&#8221;4.19.5&#8243; _module_preset=&#8221;default&#8221; custom_margin_tablet=&#8221;&#8221; custom_margin_phone=&#8221;||-40px||false|false&#8221; custom_margin_last_edited=&#8221;on|phone&#8221; global_colors_info=&#8221;{}&#8221;][et_pb_row column_structure=&#8221;1_2,1_2&#8243; _builder_version=&#8221;4.19.5&#8243; _module_preset=&#8221;default&#8221; global_colors_info=&#8221;{}&#8221;][et_pb_column type=&#8221;1_2&#8243; _builder_version=&#8221;4.19.5&#8243; _module_preset=&#8221;default&#8221; global_colors_info=&#8221;{}&#8221;][et_pb_text module_class=&#8221;titulo-icon&#8221; _builder_version=&#8221;4.19.5&#8243; _module_preset=&#8221;default&#8221; header_3_font=&#8221;Crimson Pro|700|||||||&#8221; header_3_font_size=&#8221;38px&#8221; global_colors_info=&#8221;{}&#8221;]<\/p>\n<h3><img decoding=\"async\" class=\"wp-image-380 alignnone size-full\" src=\"https:\/\/hydrotec.es\/wp-content\/uploads\/2023\/03\/icon-efectos.webp\" alt=\"\" width=\"34\" height=\"34\" \/>\u00a0 <span style=\"color: #31b259;\">Efectes<\/span> de la humitat per condensaci\u00f3<\/h3>\n<p>[\/et_pb_text][et_pb_text _builder_version=&#8221;4.19.5&#8243; _module_preset=&#8221;default&#8221; global_colors_info=&#8221;{}&#8221;]<\/p>\n<p>Un dels principals efectes associats a la humitat per condensaci\u00f3 \u00e9s la <strong>aparici\u00f3 de floridura<\/strong>. Aquest fong prolifera m\u00e9s f\u00e0cilment en materials porosos (com el guix) o en zones on l&#8217;aire no circula prou.<\/p>\n<p>El color habitual de la floridura \u00e9s el negre. Les taques d&#8217;humitat per condensaci\u00f3 les podem trobar a les cantonades de les habitacions, als banys amb ventilaci\u00f3 insuficient, al voltant de les finestres, darrere o dins d&#8217;armaris oa les zones m\u00e9s fredes de les parets i els sostres.<\/p>\n<p>A llarg termini, la floridura pot tenir efectes nocius sobre la salut ja que pot causar malalties pulmonars (asmes o al\u00b7l\u00e8rgies) i\/o cefalees. Els col\u00b7lectius m\u00e9s vulnerables a la floridura s\u00f3n persones amb sensibilitat al\u00b7l\u00e8rgica, ancians i nadons. Per tant, si observem fongs a casa, \u00e9s s\u00edmptoma que hi ha una mala qualitat de l&#8217;aire interior i ens ser\u00e0 perjudicial.<\/p>\n<p>Un altre efecte t\u00edpic de la humitat per condensaci\u00f3 \u00e9s el <strong>baf als vidres<\/strong> ia la fusteria d&#8217;alumini. Produ\u00eft pel xoc t\u00e8rmic, \u00e9s <strong>m\u00e9s perceptible a l&#8217;hivern que a l&#8217;estiu<\/strong>, ja que la temperatura de l&#8217;exterior \u00e9s molt m\u00e9s baixa que la temperatura interior. Per aix\u00f2 \u00e9s usual veure les finestres amb baf als vidres o fins i tot plorant.<\/p>\n<p>A m\u00e9s, amb un grau d&#8217;humitat alt a l&#8217;interior de l&#8217;habitatge, el <strong>confort t\u00e8rmic<\/strong> \u00e9s m\u00e9s baix, per tant, tindrem m\u00e9s sensaci\u00f3 de fred que el fred que existeix en realitat.<\/p>\n<p>[\/et_pb_text][et_pb_text disabled_on=&#8221;on|off|off&#8221; module_class=&#8221;titulo-icon garantia-productos-humedad&#8221; _builder_version=&#8221;4.23.1&#8243; _module_preset=&#8221;default&#8221; header_3_font=&#8221;Crimson Pro|700|||||||&#8221; header_3_font_size=&#8221;38px&#8221; custom_margin=&#8221;||71px|||&#8221; locked=&#8221;off&#8221; global_colors_info=&#8221;{}&#8221;]<\/p>\n<div class=\"contenedor-contestamos-tus-preguntas\">\n<div class=\"columna\"><img decoding=\"async\" class=\"wp-image-1276 alignnone size-full\" src=\"https:\/\/hydrotec.es\/wp-content\/uploads\/2023\/04\/hydrotec-segell-5-anys-garantia-blau.svg\" alt=\"5 a\u00f1os garant\u00eda filtraci\u00f3n | Hydrotec\" width=\"0\" height=\"0\" \/><\/div>\n<div class=\"columna\">\n<h3>Garantia dels tractaments de Hydrotec<\/h3>\n<p>Els tractaments d\u00b4humitat per condensaci\u00f3 estan <strong>garantits per 5 anys.<\/strong> Contacta ara!<\/p>\n<div class=\"contenedor-botones-contestamos\"><a href=\"tel:935843379\">CATALUNYA<br \/>\n<b>935 843 379<\/b><\/a><br \/>\n<a href=\"tel:+34917285917\">MADRID<br \/>\n<b>917 285 917<\/b><\/a><\/div>\n<\/div>\n<\/div>\n<p>[\/et_pb_text][\/et_pb_column][et_pb_column type=&#8221;1_2&#8243; _builder_version=&#8221;4.19.5&#8243; _module_preset=&#8221;default&#8221; global_colors_info=&#8221;{}&#8221;][et_pb_code module_class=&#8221;fom-tiene-una-duda&#8221; _builder_version=&#8221;4.27.4&#8243; _module_preset=&#8221;default&#8221; hover_enabled=&#8221;0&#8243; global_colors_info=&#8221;{}&#8221; sticky_enabled=&#8221;0&#8243; global_module=&#8221;20868&#8243; saved_tabs=&#8221;all&#8221; locked=&#8221;off&#8221;]\n<div class=\"wpcf7 no-js\" id=\"wpcf7-f19902-o1\" lang=\"ca\" dir=\"ltr\" data-wpcf7-id=\"19902\">\n<div class=\"screen-reader-response\"><p role=\"status\" aria-live=\"polite\" aria-atomic=\"true\"><\/p> <ul><\/ul><\/div>\n<form action=\"\/ca\/wp-json\/wp\/v2\/pages\/19875#wpcf7-f19902-o1\" method=\"post\" class=\"wpcf7-form init\" aria-label=\"Formulari de contacte\" novalidate=\"novalidate\" data-status=\"init\">\n<fieldset class=\"hidden-fields-container\"><input type=\"hidden\" name=\"_wpcf7\" value=\"19902\" \/><input type=\"hidden\" name=\"_wpcf7_version\" value=\"6.1.4\" \/><input type=\"hidden\" name=\"_wpcf7_locale\" value=\"ca\" \/><input type=\"hidden\" name=\"_wpcf7_unit_tag\" value=\"wpcf7-f19902-o1\" \/><input type=\"hidden\" name=\"_wpcf7_container_post\" value=\"0\" \/><input type=\"hidden\" name=\"_wpcf7_posted_data_hash\" value=\"\" \/><input type=\"hidden\" name=\"hcat\" value=\"\" \/>\n<\/fieldset>\n<div class=\"contenedor-form-solicita-info tienes-una-duda\">\n\t<h4>T'assesorem, contacta'ns per rebre el teu pressupost gratu\u00eft\n\t<\/h4>\n\t<h3>Sol\u00b7licita el teu pressupost gratu\u00eft sense comprom\u00eds.\n\t<\/h3>\n\t<p><label>Nom *<span class=\"wpcf7-form-control-wrap\" data-name=\"nombre\"><input size=\"40\" maxlength=\"400\" class=\"wpcf7-form-control wpcf7-text wpcf7-validates-as-required\" aria-required=\"true\" aria-invalid=\"false\" value=\"\" type=\"text\" name=\"nombre\" \/><\/span><\/label><br \/>\n<label>Email *<span class=\"wpcf7-form-control-wrap\" data-name=\"your-email\"><input size=\"40\" maxlength=\"400\" class=\"wpcf7-form-control wpcf7-email wpcf7-validates-as-required wpcf7-text wpcf7-validates-as-email\" aria-required=\"true\" aria-invalid=\"false\" value=\"\" type=\"email\" name=\"your-email\" \/><\/span><\/label><br \/>\n<label>Ciutat *<span class=\"wpcf7-form-control-wrap\" data-name=\"ciudad\"><input size=\"40\" maxlength=\"400\" class=\"wpcf7-form-control wpcf7-text wpcf7-validates-as-required\" aria-required=\"true\" aria-invalid=\"false\" value=\"\" type=\"text\" name=\"ciudad\" \/><\/span><\/label><br \/>\n<label>Tel\u00e8fon *<span class=\"wpcf7-form-control-wrap\" data-name=\"telefono\"><input size=\"40\" maxlength=\"400\" class=\"wpcf7-form-control wpcf7-tel wpcf7-validates-as-required wpcf7-text wpcf7-validates-as-tel\" aria-required=\"true\" aria-invalid=\"false\" value=\"\" type=\"tel\" name=\"telefono\" \/><\/span><\/label><br \/>\n<label>Descriu breument quin problema d'humitats tens *<span class=\"wpcf7-form-control-wrap\" data-name=\"mensaje\"><textarea cols=\"40\" rows=\"10\" maxlength=\"2000\" class=\"wpcf7-form-control wpcf7-textarea wpcf7-validates-as-required\" aria-required=\"true\" aria-invalid=\"false\" name=\"mensaje\"><\/textarea><\/span><\/label>\n\t<\/p>\n\t<p class=\"text-gris-claro\">*Els camps marcats amb un asterisc s\u00f3n obligatoris\n\t<\/p>\n\t<p><span class=\"wpcf7-form-control-wrap\" data-name=\"privacidad\"><span class=\"wpcf7-form-control wpcf7-acceptance optional\"><span class=\"wpcf7-list-item\"><label><input type=\"checkbox\" name=\"privacidad\" value=\"1\" aria-invalid=\"false\" \/><span class=\"wpcf7-list-item-label\">Vull rebre comunicacions sobre els serveis, productes i novetats de Hydrotec.<\/span><\/label><\/span><\/span><\/span>\n\t<\/p>\n\t<p class=\"politica-form\">Fent clic a ENVIAR, declares haver llegit i acceptes la <a href=\"\/politica-de-privacidad\/\">Pol\u00edtica de Privadesa.<\/a>\n\t<\/p>\n\t<p><span id=\"wpcf7-69ef98a16c065-wrapper\" class=\"wpcf7-form-control-wrap email-wrap\" style=\"display:none !important; visibility:hidden !important;\"><label for=\"wpcf7-69ef98a16c065-field\" class=\"hp-message\">Deixeu aquest camp buit.<\/label><input id=\"wpcf7-69ef98a16c065-field\"  class=\"wpcf7-form-control wpcf7-text\" type=\"text\" name=\"email\" value=\"\" size=\"40\" tabindex=\"-1\" autocomplete=\"new-password\" \/><\/span><br \/>\n<input class=\"wpcf7-form-control wpcf7-submit has-spinner\" type=\"submit\" value=\"Enviar\" \/>\n\t<\/p>\n<\/div><div class=\"wpcf7-response-output\" aria-hidden=\"true\"><\/div>\n<\/form>\n<\/div>\n[\/et_pb_code][\/et_pb_column][\/et_pb_row][\/et_pb_section][et_pb_section fb_built=&#8221;1&#8243; _builder_version=&#8221;4.19.5&#8243; _module_preset=&#8221;default&#8221; custom_padding=&#8221;0px||||false|false&#8221; global_colors_info=&#8221;{}&#8221;][et_pb_row column_structure=&#8221;1_2,1_2&#8243; module_class=&#8221;fila-causas-humedad&#8221; _builder_version=&#8221;4.19.5&#8243; _module_preset=&#8221;default&#8221; global_colors_info=&#8221;{}&#8221;][et_pb_column type=&#8221;1_2&#8243; _builder_version=&#8221;4.19.5&#8243; _module_preset=&#8221;default&#8221; global_colors_info=&#8221;{}&#8221;][et_pb_slider module_class=&#8221;slider-causas&#8221; _builder_version=&#8221;4.19.5&#8243; _module_preset=&#8221;default&#8221; min_height=&#8221;600px&#8221; min_height_tablet=&#8221;600px&#8221; min_height_phone=&#8221;400px&#8221; min_height_last_edited=&#8221;on|desktop&#8221; global_colors_info=&#8221;{}&#8221;][et_pb_slide _builder_version=&#8221;4.19.5&#8243; _module_preset=&#8221;default&#8221; background_color=&#8221;rgba(25,103,209,0.28)&#8221; background_enable_color=&#8221;on&#8221; background_image=&#8221;https:\/\/hydrotec.es\/wp-content\/uploads\/2023\/03\/imagen1.webp&#8221; background_enable_image=&#8221;on&#8221; global_colors_info=&#8221;{}&#8221; sticky_transition=&#8221;on&#8221;][\/et_pb_slide][et_pb_slide _builder_version=&#8221;4.19.5&#8243; _module_preset=&#8221;default&#8221; background_color=&#8221;rgba(25,103,209,0.28)&#8221; background_enable_color=&#8221;on&#8221; background_image=&#8221;https:\/\/hydrotec.es\/wp-content\/uploads\/2023\/03\/tipos-humedades-efectos1.webp&#8221; background_enable_image=&#8221;on&#8221; global_colors_info=&#8221;{}&#8221; sticky_transition=&#8221;on&#8221;][\/et_pb_slide][\/et_pb_slider][\/et_pb_column][et_pb_column type=&#8221;1_2&#8243; _builder_version=&#8221;4.19.5&#8243; _module_preset=&#8221;default&#8221; global_colors_info=&#8221;{}&#8221;][et_pb_text module_class=&#8221;titulo-icon&#8221; _builder_version=&#8221;4.19.5&#8243; _module_preset=&#8221;default&#8221; header_3_font=&#8221;Crimson Pro|700|||||||&#8221; header_3_font_size=&#8221;38px&#8221; global_colors_info=&#8221;{}&#8221;]<\/p>\n<h3><img decoding=\"async\" class=\"wp-image-380 alignnone size-full\" src=\"https:\/\/hydrotec.es\/wp-content\/uploads\/2023\/03\/causas-humedad-capilaridad.webp\" alt=\"\" width=\"34\" height=\"34\" \/>\u00a0 <span style=\"color: #1967d1;\">Causes<\/span> de la humitat per condensaci\u00f3 i de l&#8217;aparici\u00f3 de floridura<\/h3>\n<p>[\/et_pb_text][et_pb_text _builder_version=&#8221;4.19.5&#8243; _module_preset=&#8221;default&#8221; custom_margin=&#8221;||16px||false|false&#8221; custom_padding=&#8221;||||false|false&#8221; global_colors_info=&#8221;{}&#8221;]<\/p>\n<p>La <strong>humitat per condensaci\u00f3<\/strong> es crea quan hi ha un exc\u00e9s de vapor d&#8217;aigua a l&#8217;ambient i aquest passa d&#8217;un estat gas\u00f3s a un estat l\u00edquid en contactar amb una superf\u00edcie freda.<\/p>\n<p>Com m\u00e9s vapor d&#8217;aigua a l&#8217;ambient hi hagi a l&#8217;interior de l&#8217;habitatge, m\u00e9s condensaci\u00f3 es formar\u00e0.<\/p>\n<p>Les causes de la humitat per condensaci\u00f3 s\u00f3n principalment quatre:<\/p>\n<p>[\/et_pb_text][et_pb_text _builder_version=&#8221;4.19.5&#8243; _module_preset=&#8221;default&#8221; custom_margin=&#8221;||-1px||false|false&#8221; custom_padding=&#8221;||0px||false|false&#8221; global_colors_info=&#8221;{}&#8221;]<\/p>\n<ul>\n<li>La <strong>producci\u00f3 excessiva d&#8217;humitat dins de la casa<\/strong> (cuinar, planxar, dutxar-nos, dormir, respirar, etc.)<\/li>\n<li><strong>Ventilaci\u00f3 inexistent o insuficient<\/strong><\/li>\n<li><strong>Contrast t\u00e8rmic<\/strong> de l&#8217;interior a l&#8217;exterior de l&#8217;habitatge<\/li>\n<li>Tenir un <strong>habitatge molt herm\u00e8tic<\/strong><\/li>\n<\/ul>\n<p>[\/et_pb_text][et_pb_text _builder_version=&#8221;4.19.5&#8243; _module_preset=&#8221;default&#8221; global_colors_info=&#8221;{}&#8221;]<\/p>\n<p>L&#8217;aparici\u00f3 de la condensaci\u00f3 pot ser deguda a la combinaci\u00f3 de diverses de les causes anterior, no nom\u00e9s una. Posem un exemple explicatiu. Imaginem que augmentem la fam\u00edlia amb l&#8217;arribada d&#8217;un nounat i justament es decideix canviar les finestres per unes de m\u00e9s eficients. Potser l&#8217;any passat no hi hagu\u00e9s problemes d&#8217;humitat, per\u00f2 just aquest hivern es comen\u00e7a a veure floridura a les parets. El nouvingut implica nous canvis a la rutina (m\u00e9s dutxes, m\u00e9s planxa, respirar, etc) i les finestres noves aporten m\u00e9s hermeticitat a l&#8217;habitatge. En aquest cas, els nous canvis a l&#8217;habitatge provoquen condensaci\u00f3.<\/p>\n<p>[\/et_pb_text][\/et_pb_column][\/et_pb_row][\/et_pb_section][et_pb_section fb_built=&#8221;1&#8243; _builder_version=&#8221;4.19.5&#8243; _module_preset=&#8221;default&#8221; custom_margin_tablet=&#8221;&#8221; custom_margin_phone=&#8221;||-40px||false|false&#8221; custom_margin_last_edited=&#8221;on|phone&#8221; global_colors_info=&#8221;{}&#8221;][et_pb_row column_structure=&#8221;1_2,1_2&#8243; _builder_version=&#8221;4.19.5&#8243; _module_preset=&#8221;default&#8221; global_colors_info=&#8221;{}&#8221;][et_pb_column type=&#8221;1_2&#8243; _builder_version=&#8221;4.19.5&#8243; _module_preset=&#8221;default&#8221; global_colors_info=&#8221;{}&#8221;][et_pb_text module_class=&#8221;titulo-icon&#8221; _builder_version=&#8221;4.19.5&#8243; _module_preset=&#8221;default&#8221; header_3_font=&#8221;Crimson Pro|700|||||||&#8221; header_3_font_size=&#8221;38px&#8221; global_colors_info=&#8221;{}&#8221;]<\/p>\n<h3><img decoding=\"async\" class=\"wp-image-380 alignnone size-full\" src=\"https:\/\/hydrotec.es\/wp-content\/uploads\/2023\/03\/icon-efectos.webp\" alt=\"\" width=\"34\" height=\"34\" \/>\u00a0 <span style=\"color: #31b259;\">Com<\/span> solucionar problemes de humitats per condensaci\u00f3 a casa<\/h3>\n<p>[\/et_pb_text][et_pb_text _builder_version=&#8221;4.19.5&#8243; _module_preset=&#8221;default&#8221; global_colors_info=&#8221;{}&#8221;]<\/p>\n<p><strong>SISTEMA DE VENTILACI\u00d3 MEC\u00c0NICA PER INSUFLACI\u00d3<\/strong><\/p>\n<p>La instal\u00b7laci\u00f3 d&#8217;un sistema de ventilaci\u00f3 mec\u00e0nica per insuflaci\u00f3 constitueix una soluci\u00f3 efica\u00e7 i econ\u00f2mica als problemes tena\u00e7os de les humitats per condensaci\u00f3 i la floridura a casa.<\/p>\n<p>El funcionament d&#8217;aquest sistema consisteix a recollir aire de l&#8217;exterior per insuflar-lo (pr\u00e8viament preescalfat i filtratge) a l&#8217;interior de l&#8217;habitatge. El que aconseguim \u00e9s que l&#8217;aire estigui en moviment constant per impedir que es condensi i tinguem un confort t\u00e8rmic adequat. A m\u00e9s, treballa autom\u00e0ticament el que permet autoregular-se depenent de les necessitats de cada habitatge i de les condicions ambientals de l&#8217;exterior.<\/p>\n<p>Un altre avantatge \u00e9s que facilita l&#8217;expulsi\u00f3 efica\u00e7 de rad\u00f3 cap a l&#8217;exterior dels soterranis i les habitacions. Els resultats estan garantits.<\/p>\n<p>A Hydrotec comptem amb diferents<strong> sistemes de ventilaci\u00f3 mec\u00e0nica per eliminar la humitat per condensaci\u00f3<\/strong>. Depenent del grau d&#8217;humitat i la quantitat de m3 d&#8217;aire de les estades afectades, els nostres t\u00e8cnics us proposaran la soluci\u00f3 m\u00e9s efectiva i m\u00e9s econ\u00f2mica.<\/p>\n<p>[\/et_pb_text][\/et_pb_column][et_pb_column type=&#8221;1_2&#8243; _builder_version=&#8221;4.19.5&#8243; _module_preset=&#8221;default&#8221; global_colors_info=&#8221;{}&#8221;][et_pb_slider module_class=&#8221;slider-causas&#8221; _builder_version=&#8221;4.19.5&#8243; _module_preset=&#8221;default&#8221; min_height=&#8221;600px&#8221; min_height_tablet=&#8221;600px&#8221; min_height_phone=&#8221;400px&#8221; min_height_last_edited=&#8221;on|desktop&#8221; global_colors_info=&#8221;{}&#8221;][et_pb_slide _builder_version=&#8221;4.19.5&#8243; _module_preset=&#8221;default&#8221; background_color=&#8221;rgba(25,103,209,0.28)&#8221; background_enable_color=&#8221;on&#8221; background_image=&#8221;https:\/\/hydrotec.es\/wp-content\/uploads\/2023\/04\/hydrotec-humedades-por-condensacion-sistema-devmi-urban-boutique.webp&#8221; background_enable_image=&#8221;on&#8221; global_colors_info=&#8221;{}&#8221; sticky_transition=&#8221;on&#8221;][\/et_pb_slide][et_pb_slide _builder_version=&#8221;4.19.5&#8243; _module_preset=&#8221;default&#8221; background_color=&#8221;rgba(25,103,209,0.28)&#8221; background_enable_color=&#8221;on&#8221; background_image=&#8221;https:\/\/hydrotec.es\/wp-content\/uploads\/2023\/04\/hydrotec-humedades-por-condensacion-sistema-purevent-habitacion.webp&#8221; background_enable_image=&#8221;on&#8221; global_colors_info=&#8221;{}&#8221; sticky_transition=&#8221;on&#8221;][\/et_pb_slide][\/et_pb_slider][\/et_pb_column][\/et_pb_row][et_pb_row column_structure=&#8221;1_4,1_4,1_4,1_4&#8243; module_class=&#8221;fila-iconos-sub-header-humedad-condensacion&#8221; _builder_version=&#8221;4.19.5&#8243; _module_preset=&#8221;default&#8221; custom_css_main_element=&#8221;display:flex;&#8221; locked=&#8221;off&#8221; global_colors_info=&#8221;{}&#8221; custom_css_main_element_last_edited=&#8221;on|desktop&#8221; custom_css_main_element_tablet=&#8221;display:flex;&#8221; custom_css_main_element_phone=&#8221;display:flex;&#8221;][et_pb_column type=&#8221;1_4&#8243; _builder_version=&#8221;4.19.5&#8243; _module_preset=&#8221;default&#8221; global_colors_info=&#8221;{}&#8221; custom_css_main_element_last_edited=&#8221;on|phone&#8221;][et_pb_image src=&#8221;https:\/\/hydrotec.es\/wp-content\/uploads\/2023\/04\/Hydrotec_humedades-por-condensacion-VDF66.webp&#8221; title_text=&#8221;Hydrotec_humedades-por-condensacion-VDF66&#8243; url=&#8221;https:\/\/hydrotec.es\/wp-content\/uploads\/2023\/04\/Hydrotec_humedades-por-condensacion-sistema-VDF-66-ES.pdf&#8221; url_new_window=&#8221;on&#8221; align=&#8221;center&#8221; _builder_version=&#8221;4.19.5&#8243; _module_preset=&#8221;default&#8221; max_width=&#8221;160px&#8221; custom_margin=&#8221;||16px||false|false&#8221; global_colors_info=&#8221;{}&#8221;][\/et_pb_image][et_pb_text module_class=&#8221;titulo-icon&#8221; _builder_version=&#8221;4.19.5&#8243; _module_preset=&#8221;default&#8221; text_orientation=&#8221;center&#8221; link_option_url=&#8221;https:\/\/hydrotec.es\/wp-content\/uploads\/2023\/04\/Hydrotec_humedades-por-condensacion-sistema-VDF-66-ES.pdf&#8221; link_option_url_new_window=&#8221;on&#8221; global_colors_info=&#8221;{}&#8221;]<\/p>\n<h4>Sistema de ventilaci\u00f3 VDF66<\/h4>\n<p>[\/et_pb_text][\/et_pb_column][et_pb_column type=&#8221;1_4&#8243; _builder_version=&#8221;4.19.5&#8243; _module_preset=&#8221;default&#8221; global_colors_info=&#8221;{}&#8221; custom_css_main_element_last_edited=&#8221;on|phone&#8221;][et_pb_image src=&#8221;https:\/\/hydrotec.es\/wp-content\/uploads\/2023\/04\/hydrotec-humedades-por-condensacion-vmi-urban-1.webp&#8221; title_text=&#8221;hydrotec-humedades-por-condensacion-vmi-urban&#8221; url=&#8221;https:\/\/hydrotec.es\/wp-content\/uploads\/2023\/04\/Hydrotec-humedades-por-condensacion-VMI-URBAN.pdf&#8221; url_new_window=&#8221;on&#8221; align=&#8221;center&#8221; _builder_version=&#8221;4.19.5&#8243; _module_preset=&#8221;default&#8221; max_width=&#8221;160px&#8221; custom_margin=&#8221;||16px||false|false&#8221; global_colors_info=&#8221;{}&#8221;][\/et_pb_image][et_pb_text module_class=&#8221;titulo-icon&#8221; _builder_version=&#8221;4.19.5&#8243; _module_preset=&#8221;default&#8221; text_orientation=&#8221;center&#8221; link_option_url=&#8221;https:\/\/hydrotec.es\/wp-content\/uploads\/2023\/04\/Hydrotec-humedades-por-condensacion-VMI-URBAN.pdf&#8221; link_option_url_new_window=&#8221;on&#8221; global_colors_info=&#8221;{}&#8221;]<\/p>\n<h4>Sistema de ventilaci\u00f3 VMI Urban<\/h4>\n<p>[\/et_pb_text][\/et_pb_column][et_pb_column type=&#8221;1_4&#8243; _builder_version=&#8221;4.19.5&#8243; _module_preset=&#8221;default&#8221; global_colors_info=&#8221;{}&#8221;][et_pb_image src=&#8221;https:\/\/hydrotec.es\/wp-content\/uploads\/2023\/04\/hydrotec-humedades-por-condensacion-purevent.webp&#8221; title_text=&#8221;hydrotec-humedades-por-condensacion-purevent&#8221; url=&#8221;https:\/\/hydrotec.es\/wp-content\/uploads\/2023\/04\/hydrotec-humedades-por-condensacion-VMI-PUREVENT.pdf&#8221; url_new_window=&#8221;on&#8221; align=&#8221;center&#8221; _builder_version=&#8221;4.19.5&#8243; _module_preset=&#8221;default&#8221; max_width=&#8221;160px&#8221; custom_margin=&#8221;||16px||false|false&#8221; global_colors_info=&#8221;{}&#8221;][\/et_pb_image][et_pb_text module_class=&#8221;titulo-icon&#8221; _builder_version=&#8221;4.19.5&#8243; _module_preset=&#8221;default&#8221; text_orientation=&#8221;center&#8221; link_option_url=&#8221;https:\/\/hydrotec.es\/wp-content\/uploads\/2023\/04\/hydrotec-humedades-por-condensacion-VMI-PUREVENT.pdf&#8221; link_option_url_new_window=&#8221;on&#8221; global_colors_info=&#8221;{}&#8221;]<\/p>\n<h4>Sistema de ventilaci\u00f3 Purevent<\/h4>\n<p>[\/et_pb_text][\/et_pb_column][et_pb_column type=&#8221;1_4&#8243; _builder_version=&#8221;4.19.5&#8243; _module_preset=&#8221;default&#8221; global_colors_info=&#8221;{}&#8221;][et_pb_image src=&#8221;https:\/\/hydrotec.es\/wp-content\/uploads\/2023\/04\/Hydrotec-humedades-por-condensacion-sistema-VMI-CUBE.webp&#8221; title_text=&#8221;Hydrotec-humedades-por-condensacion-sistema-VMI-CUBE&#8221; url=&#8221;https:\/\/hydrotec.es\/wp-content\/uploads\/2023\/04\/Hydrotec-humedades-por-condensacion-sistema-VMI-CUBE.pdf&#8221; url_new_window=&#8221;on&#8221; align=&#8221;center&#8221; _builder_version=&#8221;4.19.5&#8243; _module_preset=&#8221;default&#8221; max_width=&#8221;160px&#8221; custom_margin=&#8221;||16px||false|false&#8221; global_colors_info=&#8221;{}&#8221;][\/et_pb_image][et_pb_text module_class=&#8221;titulo-icon&#8221; _builder_version=&#8221;4.19.5&#8243; _module_preset=&#8221;default&#8221; text_orientation=&#8221;center&#8221; link_option_url=&#8221;https:\/\/hydrotec.es\/wp-content\/uploads\/2023\/04\/Hydrotec-humedades-por-condensacion-sistema-VMI-CUBE.pdf&#8221; link_option_url_new_window=&#8221;on&#8221; global_colors_info=&#8221;{}&#8221;]<\/p>\n<h4>Sistema de ventilaci\u00f3 VMI Cube<\/h4>\n<p>[\/et_pb_text][\/et_pb_column][\/et_pb_row][\/et_pb_section][et_pb_section fb_built=&#8221;1&#8243; custom_padding_last_edited=&#8221;on|tablet&#8221; _builder_version=&#8221;4.19.5&#8243; _module_preset=&#8221;default&#8221; background_image=&#8221;https:\/\/hydrotec.es\/wp-content\/uploads\/2023\/02\/fondo-form-footer.jpg&#8221; custom_padding=&#8221;60px||0px||false|false&#8221; custom_padding_tablet=&#8221;0px||0px||false|false&#8221; custom_padding_phone=&#8221;&#8221; global_module=&#8221;20856&#8243; global_colors_info=&#8221;{}&#8221;][et_pb_row custom_padding_last_edited=&#8221;on|tablet&#8221; _builder_version=&#8221;4.19.5&#8243; _module_preset=&#8221;default&#8221; background_color=&#8221;#FFFFFF&#8221; max_width=&#8221;800px&#8221; custom_margin=&#8221;||0px||false|false&#8221; custom_padding_tablet=&#8221;0px|16px||16px|false|true&#8221; custom_padding_phone=&#8221;&#8221; global_colors_info=&#8221;{}&#8221;][et_pb_column type=&#8221;4_4&#8243; _builder_version=&#8221;4.19.5&#8243; _module_preset=&#8221;default&#8221; global_colors_info=&#8221;{}&#8221;][et_pb_text _builder_version=&#8221;4.27.4&#8243; _module_preset=&#8221;default&#8221; header_3_font=&#8221;Crimson Pro|700|||||||&#8221; header_3_text_align=&#8221;center&#8221; header_3_font_size=&#8221;32px&#8221; custom_margin=&#8221;||16px||false|false&#8221; custom_padding=&#8221;||0px||false|false&#8221; global_colors_info=&#8221;{}&#8221;]<\/p>\n<h3>Sol\u00b7licita el teu pressupost gratu\u00eft sense comprom\u00eds<\/h3>\n<p>[\/et_pb_text][et_pb_code _builder_version=&#8221;4.27.4&#8243; _module_preset=&#8221;default&#8221; global_colors_info=&#8221;{}&#8221;]\n<div class=\"wpcf7 no-js\" id=\"wpcf7-f19906-o2\" lang=\"ca\" dir=\"ltr\" data-wpcf7-id=\"19906\">\n<div class=\"screen-reader-response\"><p role=\"status\" aria-live=\"polite\" aria-atomic=\"true\"><\/p> <ul><\/ul><\/div>\n<form action=\"\/ca\/wp-json\/wp\/v2\/pages\/19875#wpcf7-f19906-o2\" method=\"post\" class=\"wpcf7-form init\" aria-label=\"Formulari de contacte\" novalidate=\"novalidate\" data-status=\"init\">\n<fieldset class=\"hidden-fields-container\"><input type=\"hidden\" name=\"_wpcf7\" value=\"19906\" \/><input type=\"hidden\" name=\"_wpcf7_version\" value=\"6.1.4\" \/><input type=\"hidden\" name=\"_wpcf7_locale\" value=\"ca\" \/><input type=\"hidden\" name=\"_wpcf7_unit_tag\" value=\"wpcf7-f19906-o2\" \/><input type=\"hidden\" name=\"_wpcf7_container_post\" value=\"0\" \/><input type=\"hidden\" name=\"_wpcf7_posted_data_hash\" value=\"\" \/><input type=\"hidden\" name=\"hcat\" value=\"\" \/>\n<\/fieldset>\n<div class=\"contenedor-form-footer\">\n\t<div class=\"fila\">\n\t\t<p><label>Nom *<span class=\"wpcf7-form-control-wrap\" data-name=\"nombre\"><input size=\"40\" maxlength=\"400\" class=\"wpcf7-form-control wpcf7-text wpcf7-validates-as-required\" aria-required=\"true\" aria-invalid=\"false\" value=\"\" type=\"text\" name=\"nombre\" \/><\/span><\/label><br \/>\n<label>Cuitat *<span class=\"wpcf7-form-control-wrap\" data-name=\"ciudad\"><input size=\"40\" maxlength=\"400\" class=\"wpcf7-form-control wpcf7-text wpcf7-validates-as-required\" aria-required=\"true\" aria-invalid=\"false\" value=\"\" type=\"text\" name=\"ciudad\" \/><\/span><\/label>\n\t\t<\/p>\n\t<\/div>\n\t<div class=\"fila\">\n\t\t<p><label>Email *<span class=\"wpcf7-form-control-wrap\" data-name=\"your-email\"><input size=\"40\" maxlength=\"400\" class=\"wpcf7-form-control wpcf7-email wpcf7-validates-as-required wpcf7-text wpcf7-validates-as-email\" aria-required=\"true\" aria-invalid=\"false\" value=\"\" type=\"email\" name=\"your-email\" \/><\/span><\/label><br \/>\n<label>Tel\u00e8fon *<span class=\"wpcf7-form-control-wrap\" data-name=\"telefono\"><input size=\"40\" maxlength=\"400\" class=\"wpcf7-form-control wpcf7-tel wpcf7-validates-as-required wpcf7-text wpcf7-validates-as-tel\" aria-required=\"true\" aria-invalid=\"false\" value=\"\" type=\"tel\" name=\"telefono\" \/><\/span><\/label>\n\t\t<\/p>\n\t<\/div>\n\t<p><label>Descriu breument quin problema d'humitats tens *<span class=\"wpcf7-form-control-wrap\" data-name=\"mensaje\"><textarea cols=\"40\" rows=\"10\" maxlength=\"2000\" class=\"wpcf7-form-control wpcf7-textarea wpcf7-validates-as-required\" aria-required=\"true\" aria-invalid=\"false\" name=\"mensaje\"><\/textarea><\/span><\/label>\n\t<\/p>\n\t<P class=\"text-gris-claro\">*Els camps marcats amb un asterisc s\u00f3n obligatoris\n\t<\/p>\n\t<p><span class=\"wpcf7-form-control-wrap\" data-name=\"privacidad\"><span class=\"wpcf7-form-control wpcf7-acceptance optional\"><span class=\"wpcf7-list-item\"><label><input type=\"checkbox\" name=\"privacidad\" value=\"1\" aria-invalid=\"false\" \/><span class=\"wpcf7-list-item-label\">Vull rebre comunicacions sobre els serveis, productes i novetats de Hydrotec.<\/span><\/label><\/span><\/span><\/span>\n\t<\/p>\n\t<p class=\"politica-form\">Fent clic a ENVIAR, declares haver llegit i acceptes la <a href=\"\/politica-de-privacidad\/\">pol\u00edtica de privadesa<\/a>.\n\t<\/p>\n\t<p><span id=\"wpcf7-69ef98a16d1fc-wrapper\" class=\"wpcf7-form-control-wrap email-wrap\" style=\"display:none !important; visibility:hidden !important;\"><label for=\"wpcf7-69ef98a16d1fc-field\" class=\"hp-message\">Deixeu aquest camp buit.<\/label><input id=\"wpcf7-69ef98a16d1fc-field\"  class=\"wpcf7-form-control wpcf7-text\" type=\"text\" name=\"email\" value=\"\" size=\"40\" tabindex=\"-1\" autocomplete=\"new-password\" \/><\/span><br \/>\n<input class=\"wpcf7-form-control wpcf7-submit has-spinner\" type=\"submit\" value=\"Enviar\" \/>\n\t<\/p>\n<\/div><div class=\"wpcf7-response-output\" aria-hidden=\"true\"><\/div>\n<\/form>\n<\/div>\n[\/et_pb_code][\/et_pb_column][\/et_pb_row][\/et_pb_section]<\/p>\n","protected":false},"excerpt":{"rendered":"<p>Humitat per condensaci\u00f3Conseq\u00fc\u00e8ncies de la humitat per condensaci\u00f3Baf als vidres o finestres que &#8216;ploren&#8217;Proliferaci\u00f3 de malalties respirat\u00f2riesAugment de la factura de la calefacci\u00f3Males olors a l&#8217;ambient i a la robaTaques de floridura a parets, mobles i roba\u00a0 Efectes de la humitat per condensaci\u00f3Un dels principals efectes associats a la humitat per condensaci\u00f3 \u00e9s la aparici\u00f3 [&hellip;]<\/p>\n","protected":false},"author":1,"featured_media":0,"parent":19869,"menu_order":0,"comment_status":"closed","ping_status":"closed","template":"","meta":{"_et_pb_use_builder":"on","_et_pb_old_content":"","_et_gb_content_width":"","footnotes":""},"difl_page_category":[],"class_list":["post-19875","page","type-page","status-publish","hentry"],"yoast_head":"<!-- This site is optimized with the Yoast SEO plugin v26.6 - https:\/\/yoast.com\/wordpress\/plugins\/seo\/ -->\n<title>Humitat per condensaci\u00f3: causes i solucions | Hydrotec<\/title>\n<meta name=\"description\" content=\"Com solucionar els problemes d&#039;humitats per condensaci\u00f3 a un habitatge? Hydrotec ofereix models de ventilaci\u00f3 mec\u00e0nica. Informa&#039;t sense comprom\u00eds!\" \/>\n<meta name=\"robots\" content=\"index, follow, max-snippet:-1, max-image-preview:large, max-video-preview:-1\" \/>\n<link rel=\"canonical\" href=\"https:\/\/hydrotec.es\/ca\/humitats-a-casa\/humitat-per-condensacio\/\" \/>\n<meta property=\"og:locale\" content=\"ca_ES\" \/>\n<meta property=\"og:type\" content=\"article\" \/>\n<meta property=\"og:title\" content=\"Humitat per condensaci\u00f3: causes i solucions | Hydrotec\" \/>\n<meta property=\"og:description\" content=\"Com solucionar els problemes d&#039;humitats per condensaci\u00f3 a un habitatge? Hydrotec ofereix models de ventilaci\u00f3 mec\u00e0nica. Informa&#039;t sense comprom\u00eds!\" \/>\n<meta property=\"og:url\" content=\"https:\/\/hydrotec.es\/ca\/humitats-a-casa\/humitat-per-condensacio\/\" \/>\n<meta property=\"og:site_name\" content=\"Hydrotec\" \/>\n<meta property=\"article:modified_time\" content=\"2025-10-15T14:31:00+00:00\" \/>\n<meta property=\"og:image\" content=\"https:\/\/hydrotec.es\/wp-content\/uploads\/2023\/03\/icon-efectos.webp\" \/>\n<meta name=\"twitter:card\" content=\"summary_large_image\" \/>\n<meta name=\"twitter:label1\" content=\"Temps estimat de lectura\" \/>\n\t<meta name=\"twitter:data1\" content=\"13 minuts\" \/>\n<script type=\"application\/ld+json\" class=\"yoast-schema-graph\">{\"@context\":\"https:\/\/schema.org\",\"@graph\":[{\"@type\":\"WebPage\",\"@id\":\"https:\/\/hydrotec.es\/ca\/humitats-a-casa\/humitat-per-condensacio\/\",\"url\":\"https:\/\/hydrotec.es\/ca\/humitats-a-casa\/humitat-per-condensacio\/\",\"name\":\"Humitat per condensaci\u00f3: causes i solucions | Hydrotec\",\"isPartOf\":{\"@id\":\"https:\/\/hydrotec.es\/ca\/#website\"},\"primaryImageOfPage\":{\"@id\":\"https:\/\/hydrotec.es\/ca\/humitats-a-casa\/humitat-per-condensacio\/#primaryimage\"},\"image\":{\"@id\":\"https:\/\/hydrotec.es\/ca\/humitats-a-casa\/humitat-per-condensacio\/#primaryimage\"},\"thumbnailUrl\":\"https:\/\/hydrotec.es\/wp-content\/uploads\/2023\/03\/icon-efectos.webp\",\"datePublished\":\"2023-02-06T23:07:21+00:00\",\"dateModified\":\"2025-10-15T14:31:00+00:00\",\"description\":\"Com solucionar els problemes d'humitats per condensaci\u00f3 a un habitatge? Hydrotec ofereix models de ventilaci\u00f3 mec\u00e0nica. Informa't sense comprom\u00eds!\",\"breadcrumb\":{\"@id\":\"https:\/\/hydrotec.es\/ca\/humitats-a-casa\/humitat-per-condensacio\/#breadcrumb\"},\"inLanguage\":\"ca\",\"potentialAction\":[{\"@type\":\"ReadAction\",\"target\":[\"https:\/\/hydrotec.es\/ca\/humitats-a-casa\/humitat-per-condensacio\/\"]}]},{\"@type\":\"ImageObject\",\"inLanguage\":\"ca\",\"@id\":\"https:\/\/hydrotec.es\/ca\/humitats-a-casa\/humitat-per-condensacio\/#primaryimage\",\"url\":\"https:\/\/hydrotec.es\/wp-content\/uploads\/2023\/03\/icon-efectos.webp\",\"contentUrl\":\"https:\/\/hydrotec.es\/wp-content\/uploads\/2023\/03\/icon-efectos.webp\"},{\"@type\":\"BreadcrumbList\",\"@id\":\"https:\/\/hydrotec.es\/ca\/humitats-a-casa\/humitat-per-condensacio\/#breadcrumb\",\"itemListElement\":[{\"@type\":\"ListItem\",\"position\":1,\"name\":\"Portada\",\"item\":\"https:\/\/hydrotec.es\/ca\/\"},{\"@type\":\"ListItem\",\"position\":2,\"name\":\"Humitats a casa\",\"item\":\"https:\/\/hydrotec.es\/ca\/tipos-de-humedades-en-casa\/\"},{\"@type\":\"ListItem\",\"position\":3,\"name\":\"Humitat per condensaci\u00f3\"}]},{\"@type\":\"WebSite\",\"@id\":\"https:\/\/hydrotec.es\/ca\/#website\",\"url\":\"https:\/\/hydrotec.es\/ca\/\",\"name\":\"Hydrotec\",\"description\":\"Soluci\u00f3n a las humedades\",\"potentialAction\":[{\"@type\":\"SearchAction\",\"target\":{\"@type\":\"EntryPoint\",\"urlTemplate\":\"https:\/\/hydrotec.es\/ca\/?s={search_term_string}\"},\"query-input\":{\"@type\":\"PropertyValueSpecification\",\"valueRequired\":true,\"valueName\":\"search_term_string\"}}],\"inLanguage\":\"ca\"}]}<\/script>\n<!-- \/ Yoast SEO plugin. -->","yoast_head_json":{"title":"Humitat per condensaci\u00f3: causes i solucions | Hydrotec","description":"Com solucionar els problemes d'humitats per condensaci\u00f3 a un habitatge? Hydrotec ofereix models de ventilaci\u00f3 mec\u00e0nica. Informa't sense comprom\u00eds!","robots":{"index":"index","follow":"follow","max-snippet":"max-snippet:-1","max-image-preview":"max-image-preview:large","max-video-preview":"max-video-preview:-1"},"canonical":"https:\/\/hydrotec.es\/ca\/humitats-a-casa\/humitat-per-condensacio\/","og_locale":"ca_ES","og_type":"article","og_title":"Humitat per condensaci\u00f3: causes i solucions | Hydrotec","og_description":"Com solucionar els problemes d'humitats per condensaci\u00f3 a un habitatge? Hydrotec ofereix models de ventilaci\u00f3 mec\u00e0nica. Informa't sense comprom\u00eds!","og_url":"https:\/\/hydrotec.es\/ca\/humitats-a-casa\/humitat-per-condensacio\/","og_site_name":"Hydrotec","article_modified_time":"2025-10-15T14:31:00+00:00","og_image":[{"url":"https:\/\/hydrotec.es\/wp-content\/uploads\/2023\/03\/icon-efectos.webp","type":"","width":"","height":""}],"twitter_card":"summary_large_image","twitter_misc":{"Temps estimat de lectura":"13 minuts"},"schema":{"@context":"https:\/\/schema.org","@graph":[{"@type":"WebPage","@id":"https:\/\/hydrotec.es\/ca\/humitats-a-casa\/humitat-per-condensacio\/","url":"https:\/\/hydrotec.es\/ca\/humitats-a-casa\/humitat-per-condensacio\/","name":"Humitat per condensaci\u00f3: causes i solucions | Hydrotec","isPartOf":{"@id":"https:\/\/hydrotec.es\/ca\/#website"},"primaryImageOfPage":{"@id":"https:\/\/hydrotec.es\/ca\/humitats-a-casa\/humitat-per-condensacio\/#primaryimage"},"image":{"@id":"https:\/\/hydrotec.es\/ca\/humitats-a-casa\/humitat-per-condensacio\/#primaryimage"},"thumbnailUrl":"https:\/\/hydrotec.es\/wp-content\/uploads\/2023\/03\/icon-efectos.webp","datePublished":"2023-02-06T23:07:21+00:00","dateModified":"2025-10-15T14:31:00+00:00","description":"Com solucionar els problemes d'humitats per condensaci\u00f3 a un habitatge? Hydrotec ofereix models de ventilaci\u00f3 mec\u00e0nica. Informa't sense comprom\u00eds!","breadcrumb":{"@id":"https:\/\/hydrotec.es\/ca\/humitats-a-casa\/humitat-per-condensacio\/#breadcrumb"},"inLanguage":"ca","potentialAction":[{"@type":"ReadAction","target":["https:\/\/hydrotec.es\/ca\/humitats-a-casa\/humitat-per-condensacio\/"]}]},{"@type":"ImageObject","inLanguage":"ca","@id":"https:\/\/hydrotec.es\/ca\/humitats-a-casa\/humitat-per-condensacio\/#primaryimage","url":"https:\/\/hydrotec.es\/wp-content\/uploads\/2023\/03\/icon-efectos.webp","contentUrl":"https:\/\/hydrotec.es\/wp-content\/uploads\/2023\/03\/icon-efectos.webp"},{"@type":"BreadcrumbList","@id":"https:\/\/hydrotec.es\/ca\/humitats-a-casa\/humitat-per-condensacio\/#breadcrumb","itemListElement":[{"@type":"ListItem","position":1,"name":"Portada","item":"https:\/\/hydrotec.es\/ca\/"},{"@type":"ListItem","position":2,"name":"Humitats a casa","item":"https:\/\/hydrotec.es\/ca\/tipos-de-humedades-en-casa\/"},{"@type":"ListItem","position":3,"name":"Humitat per condensaci\u00f3"}]},{"@type":"WebSite","@id":"https:\/\/hydrotec.es\/ca\/#website","url":"https:\/\/hydrotec.es\/ca\/","name":"Hydrotec","description":"Soluci\u00f3n a las humedades","potentialAction":[{"@type":"SearchAction","target":{"@type":"EntryPoint","urlTemplate":"https:\/\/hydrotec.es\/ca\/?s={search_term_string}"},"query-input":{"@type":"PropertyValueSpecification","valueRequired":true,"valueName":"search_term_string"}}],"inLanguage":"ca"}]}},"_links":{"self":[{"href":"https:\/\/hydrotec.es\/ca\/wp-json\/wp\/v2\/pages\/19875","targetHints":{"allow":["GET"]}}],"collection":[{"href":"https:\/\/hydrotec.es\/ca\/wp-json\/wp\/v2\/pages"}],"about":[{"href":"https:\/\/hydrotec.es\/ca\/wp-json\/wp\/v2\/types\/page"}],"author":[{"embeddable":true,"href":"https:\/\/hydrotec.es\/ca\/wp-json\/wp\/v2\/users\/1"}],"replies":[{"embeddable":true,"href":"https:\/\/hydrotec.es\/ca\/wp-json\/wp\/v2\/comments?post=19875"}],"version-history":[{"count":14,"href":"https:\/\/hydrotec.es\/ca\/wp-json\/wp\/v2\/pages\/19875\/revisions"}],"predecessor-version":[{"id":20870,"href":"https:\/\/hydrotec.es\/ca\/wp-json\/wp\/v2\/pages\/19875\/revisions\/20870"}],"up":[{"embeddable":true,"href":"https:\/\/hydrotec.es\/ca\/wp-json\/wp\/v2\/pages\/19869"}],"wp:attachment":[{"href":"https:\/\/hydrotec.es\/ca\/wp-json\/wp\/v2\/media?parent=19875"}],"wp:term":[{"taxonomy":"difl_page_category","embeddable":true,"href":"https:\/\/hydrotec.es\/ca\/wp-json\/wp\/v2\/difl_page_category?post=19875"}],"curies":[{"name":"wp","href":"https:\/\/api.w.org\/{rel}","templated":true}]}}